{"version":"1.0","provider_name":"Mairie de Villers-Allerand - Montchenot","provider_url":"https:\/\/www.villers-allerand.fr\/site","title":"C\u00e9r\u00e9monie du 8 mai 2014 - Mairie de Villers-Allerand - Montchenot","type":"rich","width":600,"height":338,"html":"<blockquote class=\"wp-embedded-content\" data-secret=\"Z1AYifyHH5\"><a href=\"https:\/\/www.villers-allerand.fr\/site\/ceremonie-8-mai-2014\/\">C\u00e9r\u00e9monie du 8 mai 2014<\/a><\/blockquote><iframe sandbox=\"allow-scripts\" security=\"restricted\" src=\"https:\/\/www.villers-allerand.fr\/site\/ceremonie-8-mai-2014\/embed\/#?secret=Z1AYifyHH5\" width=\"600\" height=\"338\" title=\"\u00ab\u00a0C\u00e9r\u00e9monie du 8 mai 2014\u00a0\u00bb &#8212; Mairie de Villers-Allerand - Montchenot\" data-secret=\"Z1AYifyHH5\" frameborder=\"0\" marginwidth=\"0\" marginheight=\"0\" scrolling=\"no\" class=\"wp-embedded-content\"><\/iframe><script type=\"text\/javascript\">\n\/* <![CDATA[ *\/\n\/*! This file is auto-generated *\/\n!function(d,l){\"use strict\";l.querySelector&&d.addEventListener&&\"undefined\"!=typeof URL&&(d.wp=d.wp||{},d.wp.receiveEmbedMessage||(d.wp.receiveEmbedMessage=function(e){var t=e.data;if((t||t.secret||t.message||t.value)&&!\/[^a-zA-Z0-9]\/.test(t.secret)){for(var s,r,n,a=l.querySelectorAll('iframe[data-secret=\"'+t.secret+'\"]'),o=l.querySelectorAll('blockquote[data-secret=\"'+t.secret+'\"]'),c=new RegExp(\"^https?:$\",\"i\"),i=0;i<o.length;i++)o[i].style.display=\"none\";for(i=0;i<a.length;i++)s=a[i],e.source===s.contentWindow&&(s.removeAttribute(\"style\"),\"height\"===t.message?(1e3<(r=parseInt(t.value,10))?r=1e3:~~r<200&&(r=200),s.height=r):\"link\"===t.message&&(r=new URL(s.getAttribute(\"src\")),n=new URL(t.value),c.test(n.protocol))&&n.host===r.host&&l.activeElement===s&&(d.top.location.href=t.value))}},d.addEventListener(\"message\",d.wp.receiveEmbedMessage,!1),l.addEventListener(\"DOMContentLoaded\",function(){for(var e,t,s=l.querySelectorAll(\"iframe.wp-embedded-content\"),r=0;r<s.length;r++)(t=(e=s[r]).getAttribute(\"data-secret\"))||(t=Math.random().toString(36).substring(2,12),e.src+=\"#?secret=\"+t,e.setAttribute(\"data-secret\",t)),e.contentWindow.postMessage({message:\"ready\",secret:t},\"*\")},!1)))}(window,document);\n\/* ]]> *\/\n<\/script>\n","thumbnail_url":"https:\/\/www.villers-allerand.fr\/site\/wp-content\/uploads\/2016\/11\/DSC_0361.jpg","thumbnail_width":1024,"thumbnail_height":680,"description":"Un monument aux morts, pr\u00e9par\u00e9s et fleuris par les conseillers, accueillait de nombreuses personnes pour la traditionnelle minute de silence, la d\u00e9pose de gerbe ainsi que l\u2019indispensable appel aux morts. Il est tr\u00e8s r\u00e9confortant de constater que beaucoup continuent de venir saluer et s\u2019incliner devant toutes ces victimes civiles et militaires qui ont pay\u00e9 de la [&hellip;]"}