{"version":"1.0","provider_name":"Mairie de Villers-Allerand - Montchenot","provider_url":"https:\/\/www.villers-allerand.fr\/site","title":"Le Parking La Voli\u00e8re officiellement inaugur\u00e9 - Mairie de Villers-Allerand - Montchenot","type":"rich","width":600,"height":338,"html":"<blockquote class=\"wp-embedded-content\" data-secret=\"IudsJgx6B6\"><a href=\"https:\/\/www.villers-allerand.fr\/site\/le-parking-la-voliere-officiellement-inaugure\/\">Le Parking La Voli\u00e8re officiellement inaugur\u00e9<\/a><\/blockquote><iframe sandbox=\"allow-scripts\" security=\"restricted\" src=\"https:\/\/www.villers-allerand.fr\/site\/le-parking-la-voliere-officiellement-inaugure\/embed\/#?secret=IudsJgx6B6\" width=\"600\" height=\"338\" title=\"\u00ab\u00a0Le Parking La Voli\u00e8re officiellement inaugur\u00e9\u00a0\u00bb &#8212; Mairie de Villers-Allerand - Montchenot\" data-secret=\"IudsJgx6B6\" frameborder=\"0\" marginwidth=\"0\" marginheight=\"0\" scrolling=\"no\" class=\"wp-embedded-content\"><\/iframe><script type=\"text\/javascript\">\n\/* <![CDATA[ *\/\n\/*! This file is auto-generated *\/\n!function(d,l){\"use strict\";l.querySelector&&d.addEventListener&&\"undefined\"!=typeof URL&&(d.wp=d.wp||{},d.wp.receiveEmbedMessage||(d.wp.receiveEmbedMessage=function(e){var t=e.data;if((t||t.secret||t.message||t.value)&&!\/[^a-zA-Z0-9]\/.test(t.secret)){for(var s,r,n,a=l.querySelectorAll('iframe[data-secret=\"'+t.secret+'\"]'),o=l.querySelectorAll('blockquote[data-secret=\"'+t.secret+'\"]'),c=new RegExp(\"^https?:$\",\"i\"),i=0;i<o.length;i++)o[i].style.display=\"none\";for(i=0;i<a.length;i++)s=a[i],e.source===s.contentWindow&&(s.removeAttribute(\"style\"),\"height\"===t.message?(1e3<(r=parseInt(t.value,10))?r=1e3:~~r<200&&(r=200),s.height=r):\"link\"===t.message&&(r=new URL(s.getAttribute(\"src\")),n=new URL(t.value),c.test(n.protocol))&&n.host===r.host&&l.activeElement===s&&(d.top.location.href=t.value))}},d.addEventListener(\"message\",d.wp.receiveEmbedMessage,!1),l.addEventListener(\"DOMContentLoaded\",function(){for(var e,t,s=l.querySelectorAll(\"iframe.wp-embedded-content\"),r=0;r<s.length;r++)(t=(e=s[r]).getAttribute(\"data-secret\"))||(t=Math.random().toString(36).substring(2,12),e.src+=\"#?secret=\"+t,e.setAttribute(\"data-secret\",t)),e.contentWindow.postMessage({message:\"ready\",secret:t},\"*\")},!1)))}(window,document);\n\/* ]]> *\/\n<\/script>\n","thumbnail_url":"https:\/\/www.villers-allerand.fr\/site\/wp-content\/uploads\/2024\/09\/DSC_7713.jpeg","thumbnail_width":1280,"thumbnail_height":848,"description":"Fin 2022, la commune de Villers-Allerand s&rsquo;est port\u00e9e acqu\u00e9reur aupr\u00e8s du CHU de Reims d&rsquo;une parcelle situ\u00e9e dans le parc de la Voli\u00e8re, avec pour objectif de r\u00e9aliser un parking accessible depuis la rue du Voisin et ainsi faciliter le stationnement au coeur du village. Cette parcelle contenait \u00e0 l&rsquo;origine 4 b\u00e2timents, dont 2, jug\u00e9s trop [&hellip;]"}