{"id":11819,"date":"2016-09-15T17:57:07","date_gmt":"2016-09-15T15:57:07","guid":{"rendered":"http:\/\/www.villers-allerand.fr\/site\/?page_id=11819"},"modified":"2026-04-28T15:15:59","modified_gmt":"2026-04-28T13:15:59","slug":"retrospectives-2","status":"publish","type":"page","link":"https:\/\/www.villers-allerand.fr\/site\/retrospectives-2\/","title":{"rendered":"R\u00e9trospectives"},"content":{"rendered":"<p><div class=\"fusion-fullwidth fullwidth-box nonhundred-percent-fullwidth non-hundred-percent-height-scrolling\"  style='background-color: #ffffff;background-position: left top;background-repeat: no-repeat;padding-top:1%;padding-right:0px;padding-bottom:0%;padding-left:0px;border-top-width:0px;border-bottom-width:0px;border-color:#eae9e9;border-top-style:solid;border-bottom-style:solid;'><div class=\"fusion-builder-row fusion-row \"><div  class=\"fusion-layout-column fusion_builder_column fusion_builder_column_1_1 fusion-builder-column-1 fusion-one-full fusion-column-first fusion-column-last 1_1\"  style='margin-top:0px;margin-bottom:0px;'>\n\t\t\t\t\t<div class=\"fusion-column-wrapper\" style=\"padding: 0px 0px 0px 0px;background-position:left top;background-repeat:no-repeat;-webkit-background-size:cover;-moz-background-size:cover;-o-background-size:cover;background-size:cover;\"   data-bg-url=\"\">\n\t\t\t\t\t\t<div class=\"fusion-title title fusion-title-1 fusion-sep-none fusion-title-center fusion-title-size-one\" style=\"margin-top:0px;margin-bottom:30px;\"><h1 class=\"title-heading-center\" style=\"margin:0;\">R\u00c9TROSPECTIVES<\/h1><\/div><div class=\"fusion-clearfix\"><\/div>\n\n\t\t\t\t\t<\/div>\n\t\t\t\t<\/div><\/div><\/div><div class=\"fusion-fullwidth fullwidth-box hundred-percent-fullwidth non-hundred-percent-height-scrolling\"  style='background-color: #dfdfdf;background-position: left top;background-repeat: no-repeat;padding-top:2%;padding-right:10%;padding-bottom:2%;padding-left:10%;border-top-width:0px;border-bottom-width:0px;border-color:#eae9e9;border-top-style:solid;border-bottom-style:solid;'><div class=\"fusion-builder-row fusion-row \"><div  class=\"fusion-layout-column fusion_builder_column fusion_builder_column_1_1 fusion-builder-column-2 fusion-one-full fusion-column-first fusion-column-last fusion-column-no-min-height 1_1\"  style='margin-top:0px;margin-bottom:0px;'>\n\t\t\t\t\t<div class=\"fusion-column-wrapper\" style=\"padding: 0px 0px 0px 0px;background-position:left top;background-repeat:no-repeat;-webkit-background-size:cover;-moz-background-size:cover;-o-background-size:cover;background-size:cover;\"   data-bg-url=\"\">\n\t\t\t\t\t\t<div class=\"fusion-title title fusion-title-2 fusion-sep-none fusion-title-size-two\" style=\"margin-top:0px;margin-bottom:30px;\"><h2 class=\"title-heading-left\" style=\"margin:0;\">R\u00e9trospectives 2026<\/h2><\/div><div class=\"fusion-clearfix\"><\/div>\n\n\t\t\t\t\t<\/div>\n\t\t\t\t<\/div><div  class=\"fusion-layout-column fusion_builder_column fusion_builder_column_1_1 fusion-builder-column-3 fusion-one-full fusion-column-first fusion-column-last 1_1\"  style='margin-top:0px;margin-bottom:0px;'>\n\t\t\t\t\t<div class=\"fusion-column-wrapper\" style=\"padding: 0px 0px 0px 0px;background-position:left top;background-repeat:no-repeat;-webkit-background-size:cover;-moz-background-size:cover;-o-background-size:cover;background-size:cover;\"   data-bg-url=\"\">\n\t\t\t\t\t\t<div class=\"fusion-recent-posts fusion-recent-posts-1 avada-container layout-default layout-columns-4\"><section class=\"fusion-columns columns fusion-columns-4 columns-4\"><article class=\"post fusion-column column col col-lg-3 col-md-3 col-sm-3\"><div class=\"fusion-flexslider flexslider flexslider-hover-type-none\"><ul class=\"slides\"><li><a href=\"https:\/\/www.villers-allerand.fr\/site\/le-nouveau-conseil-municipal-est-installe\/\" class=\"hover-type-none\" aria-label=\"Le nouveau Conseil Municipal est install\u00e9\"><img loading=\"lazy\" decoding=\"async\" width=\"696\" height=\"441\" src=\"https:\/\/www.villers-allerand.fr\/site\/wp-content\/uploads\/2025\/11\/Bandeau-Municipales2026-Dates.jpg-e1763543036867-696x441.webp\" class=\"attachment-recent-posts size-recent-posts\" alt=\"municipales\" srcset=\"https:\/\/www.villers-allerand.fr\/site\/wp-content\/uploads\/2025\/11\/Bandeau-Municipales2026-Dates.jpg-e1763543036867-320x202.webp 320w, https:\/\/www.villers-allerand.fr\/site\/wp-content\/uploads\/2025\/11\/Bandeau-Municipales2026-Dates.jpg-e1763543036867-696x441.webp 696w\" sizes=\"auto, (max-width: 696px) 100vw, 696px\" \/><\/a><\/li><\/ul><\/div><div class=\"recent-posts-content\"><span class=\"vcard\" style=\"display: none;\"><span class=\"fn\"><a href=\"https:\/\/www.villers-allerand.fr\/site\/author\/webmaster\/\" title=\"Articles par webmaster\" rel=\"author\">webmaster<\/a><\/span><\/span><span class=\"updated\" style=\"display:none;\">2026-04-28T14:17:30+02:00<\/span><h4 class=\"entry-title\"><a href=\"https:\/\/www.villers-allerand.fr\/site\/le-nouveau-conseil-municipal-est-installe\/\">Le nouveau Conseil Municipal est install\u00e9<\/a><\/h4><p class=\"meta\"><span class=\"vcard\" style=\"display: none;\"><span class=\"fn\"><a href=\"https:\/\/www.villers-allerand.fr\/site\/author\/webmaster\/\" title=\"Articles par webmaster\" rel=\"author\">webmaster<\/a><\/span><\/span><span class=\"updated\" style=\"display:none;\">2026-04-28T14:17:30+02:00<\/span><span>21 mars 2026<\/span><span class=\"fusion-inline-sep\">|<\/span><span class=\"fusion-comments\"><span>Commentaires ferm\u00e9s<span class=\"screen-reader-text\"> sur Le nouveau Conseil Municipal est install\u00e9<\/span><\/span><\/span><\/p><p>Ce vendredi 20 mars 2026 \u00e0 20h30, Monsieur Bernard Weiler Maire sortant a install\u00e9\u00a0 les 15 conseillers municipaux nouvellement \u00e9lus. Ont ensuite \u00e9t\u00e9 \u00e9lus : \u00c9ric Girardin, Maire Didier De Amorin, 1er adjoint Estelle Courteix, [...]<\/p><\/div><\/article><\/section><\/div><div class=\"fusion-clearfix\"><\/div>\n\n\t\t\t\t\t<\/div>\n\t\t\t\t<\/div><\/div><\/div><div class=\"fusion-fullwidth fullwidth-box hundred-percent-fullwidth non-hundred-percent-height-scrolling\"  style='background-color: #dfdfdf;background-position: left top;background-repeat: no-repeat;padding-top:2%;padding-right:10%;padding-bottom:2%;padding-left:10%;border-top-width:0px;border-bottom-width:0px;border-color:#eae9e9;border-top-style:solid;border-bottom-style:solid;'><div class=\"fusion-builder-row fusion-row \"><div  class=\"fusion-layout-column fusion_builder_column fusion_builder_column_1_1 fusion-builder-column-4 fusion-one-full fusion-column-first fusion-column-last fusion-column-no-min-height 1_1\"  style='margin-top:0px;margin-bottom:0px;width:100%'>\n\t\t\t\t\t<div class=\"fusion-column-wrapper\" style=\"padding: 0px 0px 0px 0px;background-position:left top;background-repeat:no-repeat;-webkit-background-size:cover;-moz-background-size:cover;-o-background-size:cover;background-size:cover;\"   data-bg-url=\"\">\n\t\t\t\t\t\t<div class=\"fusion-title title fusion-title-3 fusion-sep-none fusion-title-size-two\" style=\"margin-top:0px;margin-bottom:30px;\"><h2 class=\"title-heading-left\" style=\"margin:0;\">R\u00e9trospectives 2024<\/h2><\/div><div class=\"fusion-clearfix\"><\/div>\n\n\t\t\t\t\t<\/div>\n\t\t\t\t<\/div><div  class=\"fusion-layout-column fusion_builder_column fusion_builder_column_1_1 fusion-builder-column-5 fusion-one-full fusion-column-first fusion-column-last 1_1\"  style='margin-top:0px;margin-bottom:0px;width:100%'>\n\t\t\t\t\t<div class=\"fusion-column-wrapper\" style=\"padding: 0px 0px 0px 0px;background-position:left top;background-repeat:no-repeat;-webkit-background-size:cover;-moz-background-size:cover;-o-background-size:cover;background-size:cover;\"   data-bg-url=\"\">\n\t\t\t\t\t\t<div class=\"fusion-recent-posts fusion-recent-posts-2 avada-container layout-default layout-columns-4\"><section class=\"fusion-columns columns fusion-columns-4 columns-4\"><article class=\"post fusion-column column col col-lg-3 col-md-3 col-sm-3\"><div class=\"fusion-flexslider flexslider flexslider-hover-type-none\"><ul class=\"slides\"><li><a href=\"https:\/\/www.villers-allerand.fr\/site\/le-cimetiere-raconte-memoire-de-tombe\/\" class=\"hover-type-none\" aria-label=\"Le cimeti\u00e8re raconte, M\u00e9moire de tombe\"><img loading=\"lazy\" decoding=\"async\" width=\"595\" height=\"441\" src=\"https:\/\/www.villers-allerand.fr\/site\/wp-content\/uploads\/2024\/09\/JOURNEES-DU-PATRIMOINE-595x441.png\" class=\"attachment-recent-posts size-recent-posts\" alt=\"\" \/><\/a><\/li><\/ul><\/div><div class=\"recent-posts-content\"><span class=\"vcard\" style=\"display: none;\"><span class=\"fn\"><a href=\"https:\/\/www.villers-allerand.fr\/site\/author\/webmaster\/\" title=\"Articles par webmaster\" rel=\"author\">webmaster<\/a><\/span><\/span><span class=\"updated\" style=\"display:none;\">2024-11-06T10:39:52+01:00<\/span><h4 class=\"entry-title\"><a href=\"https:\/\/www.villers-allerand.fr\/site\/le-cimetiere-raconte-memoire-de-tombe\/\">Le cimeti\u00e8re raconte, M\u00e9moire de tombe<\/a><\/h4><p class=\"meta\"><span class=\"vcard\" style=\"display: none;\"><span class=\"fn\"><a href=\"https:\/\/www.villers-allerand.fr\/site\/author\/webmaster\/\" title=\"Articles par webmaster\" rel=\"author\">webmaster<\/a><\/span><\/span><span class=\"updated\" style=\"display:none;\">2024-11-06T10:39:52+01:00<\/span><span>6 novembre 2024<\/span><span class=\"fusion-inline-sep\">|<\/span><span class=\"fusion-comments\"><span>Commentaires ferm\u00e9s<span class=\"screen-reader-text\"> sur Le cimeti\u00e8re raconte, M\u00e9moire de tombe<\/span><\/span><\/span><\/p><p>Vincent Ragon nous permet de revivre les derni\u00e8res Journ\u00e9es Europ\u00e9ennes du Patrimoine par l'interm\u00e9diaire d'un film de la visite guid\u00e9e du cimeti\u00e8re des 21 et 22 septembre dernier.<\/p><\/div><\/article><article class=\"post fusion-column column col col-lg-3 col-md-3 col-sm-3\"><div class=\"fusion-flexslider flexslider flexslider-hover-type-none\"><ul class=\"slides\"><li><a href=\"https:\/\/www.villers-allerand.fr\/site\/le-parking-la-voliere-officiellement-inaugure\/\" class=\"hover-type-none\" aria-label=\"Le Parking La Voli\u00e8re officiellement inaugur\u00e9\"><img loading=\"lazy\" decoding=\"async\" width=\"700\" height=\"441\" src=\"https:\/\/www.villers-allerand.fr\/site\/wp-content\/uploads\/2024\/09\/DSC_7713-700x441.jpeg\" class=\"attachment-recent-posts size-recent-posts\" alt=\"\" srcset=\"https:\/\/www.villers-allerand.fr\/site\/wp-content\/uploads\/2024\/09\/DSC_7713-320x202.jpeg 320w, https:\/\/www.villers-allerand.fr\/site\/wp-content\/uploads\/2024\/09\/DSC_7713-700x441.jpeg 700w\" sizes=\"auto, (max-width: 700px) 100vw, 700px\" \/><\/a><\/li><\/ul><\/div><div class=\"recent-posts-content\"><span class=\"vcard\" style=\"display: none;\"><span class=\"fn\"><a href=\"https:\/\/www.villers-allerand.fr\/site\/author\/webmaster\/\" title=\"Articles par webmaster\" rel=\"author\">webmaster<\/a><\/span><\/span><span class=\"updated\" style=\"display:none;\">2025-02-27T17:15:15+01:00<\/span><h4 class=\"entry-title\"><a href=\"https:\/\/www.villers-allerand.fr\/site\/le-parking-la-voliere-officiellement-inaugure\/\">Le Parking La Voli\u00e8re officiellement inaugur\u00e9<\/a><\/h4><p class=\"meta\"><span class=\"vcard\" style=\"display: none;\"><span class=\"fn\"><a href=\"https:\/\/www.villers-allerand.fr\/site\/author\/webmaster\/\" title=\"Articles par webmaster\" rel=\"author\">webmaster<\/a><\/span><\/span><span class=\"updated\" style=\"display:none;\">2025-02-27T17:15:15+01:00<\/span><span>11 septembre 2024<\/span><span class=\"fusion-inline-sep\">|<\/span><span class=\"fusion-comments\"><span>Commentaires ferm\u00e9s<span class=\"screen-reader-text\"> sur Le Parking La Voli\u00e8re officiellement inaugur\u00e9<\/span><\/span><\/span><\/p><p>Fin 2022, la commune de Villers-Allerand s'est port\u00e9e acqu\u00e9reur aupr\u00e8s du CHU de Reims d'une parcelle situ\u00e9e dans le parc de la Voli\u00e8re, avec pour objectif de r\u00e9aliser un parking accessible depuis la rue du [...]<\/p><\/div><\/article><article class=\"post fusion-column column col col-lg-3 col-md-3 col-sm-3\"><div class=\"fusion-flexslider flexslider flexslider-hover-type-none\"><ul class=\"slides\"><li><a href=\"https:\/\/www.villers-allerand.fr\/site\/la-marelle\/\" class=\"hover-type-none\" aria-label=\"La Marelle\"><img loading=\"lazy\" decoding=\"async\" width=\"700\" height=\"441\" src=\"https:\/\/www.villers-allerand.fr\/site\/wp-content\/uploads\/2024\/05\/IMG_6616-700x441.jpg\" class=\"attachment-recent-posts size-recent-posts\" alt=\"la marelle\" srcset=\"https:\/\/www.villers-allerand.fr\/site\/wp-content\/uploads\/2024\/05\/IMG_6616-320x202.jpg 320w, https:\/\/www.villers-allerand.fr\/site\/wp-content\/uploads\/2024\/05\/IMG_6616-700x441.jpg 700w\" sizes=\"auto, (max-width: 700px) 100vw, 700px\" \/><\/a><\/li><\/ul><\/div><div class=\"recent-posts-content\"><span class=\"vcard\" style=\"display: none;\"><span class=\"fn\"><a href=\"https:\/\/www.villers-allerand.fr\/site\/author\/webmaster\/\" title=\"Articles par webmaster\" rel=\"author\">webmaster<\/a><\/span><\/span><span class=\"updated\" style=\"display:none;\">2025-02-27T17:23:06+01:00<\/span><h4 class=\"entry-title\"><a href=\"https:\/\/www.villers-allerand.fr\/site\/la-marelle\/\">La Marelle<\/a><\/h4><p class=\"meta\"><span class=\"vcard\" style=\"display: none;\"><span class=\"fn\"><a href=\"https:\/\/www.villers-allerand.fr\/site\/author\/webmaster\/\" title=\"Articles par webmaster\" rel=\"author\">webmaster<\/a><\/span><\/span><span class=\"updated\" style=\"display:none;\">2025-02-27T17:23:06+01:00<\/span><span>29 mai 2024<\/span><span class=\"fusion-inline-sep\">|<\/span><span class=\"fusion-comments\"><span>Commentaires ferm\u00e9s<span class=\"screen-reader-text\"> sur La Marelle<\/span><\/span><\/span><\/p><p>Vendredi 17 mai 2024 un nouveau lieu a ouvert ses portes \u00e0 Villers-Allerand Montchenot. La Marelle, c'est quoi ? La Marelle, c'est l'histoire d'un coup de foudre pour un lieu : cette b\u00e2tisse vide sur [...]<\/p><\/div><\/article><\/section><\/div><div class=\"fusion-clearfix\"><\/div>\n\n\t\t\t\t\t<\/div>\n\t\t\t\t<\/div><\/div><\/div><div class=\"fusion-fullwidth fullwidth-box hundred-percent-fullwidth non-hundred-percent-height-scrolling\"  style='background-color: #dfdfdf;background-position: left top;background-repeat: no-repeat;padding-top:2%;padding-right:10%;padding-bottom:2%;padding-left:10%;border-top-width:0px;border-bottom-width:0px;border-color:#eae9e9;border-top-style:solid;border-bottom-style:solid;'><div class=\"fusion-builder-row fusion-row \"><div  class=\"fusion-layout-column fusion_builder_column fusion_builder_column_1_1 fusion-builder-column-6 fusion-one-full fusion-column-first fusion-column-last fusion-column-no-min-height 1_1\"  style='margin-top:0px;margin-bottom:0px;width:100%'>\n\t\t\t\t\t<div class=\"fusion-column-wrapper\" style=\"padding: 0px 0px 0px 0px;background-position:left top;background-repeat:no-repeat;-webkit-background-size:cover;-moz-background-size:cover;-o-background-size:cover;background-size:cover;\"   data-bg-url=\"\">\n\t\t\t\t\t\t<div class=\"fusion-title title fusion-title-4 fusion-sep-none fusion-title-size-two\" style=\"margin-top:0px;margin-bottom:30px;\"><h2 class=\"title-heading-left\" style=\"margin:0;\">R\u00e9trospectives 2022<\/h2><\/div><div class=\"fusion-clearfix\"><\/div>\n\n\t\t\t\t\t<\/div>\n\t\t\t\t<\/div><div  class=\"fusion-layout-column fusion_builder_column fusion_builder_column_1_1 fusion-builder-column-7 fusion-one-full fusion-column-first fusion-column-last 1_1\"  style='margin-top:0px;margin-bottom:0px;width:100%'>\n\t\t\t\t\t<div class=\"fusion-column-wrapper\" style=\"padding: 0px 0px 0px 0px;background-position:left top;background-repeat:no-repeat;-webkit-background-size:cover;-moz-background-size:cover;-o-background-size:cover;background-size:cover;\"   data-bg-url=\"\">\n\t\t\t\t\t\t<div class=\"fusion-recent-posts fusion-recent-posts-3 avada-container layout-default layout-columns-4\"><section class=\"fusion-columns columns fusion-columns-4 columns-4\"><article class=\"post fusion-column column col col-lg-3 col-md-3 col-sm-3\"><div class=\"fusion-flexslider flexslider flexslider-hover-type-none\"><ul class=\"slides\"><li><a href=\"https:\/\/www.villers-allerand.fr\/site\/retour-sur-12-novembre-2022-100-ans-apres\/\" class=\"hover-type-none\" aria-label=\"Retour sur &#8230; 12 Novembre 2022 : 100 ans apr\u00e8s\"><img loading=\"lazy\" decoding=\"async\" width=\"700\" height=\"441\" src=\"https:\/\/www.villers-allerand.fr\/site\/wp-content\/uploads\/2022\/10\/12-novembre-2022-AFFICHE-1-e1669629663431-700x441.png\" class=\"attachment-recent-posts size-recent-posts\" alt=\"\" srcset=\"https:\/\/www.villers-allerand.fr\/site\/wp-content\/uploads\/2022\/10\/12-novembre-2022-AFFICHE-1-e1669629663431-320x202.png 320w, https:\/\/www.villers-allerand.fr\/site\/wp-content\/uploads\/2022\/10\/12-novembre-2022-AFFICHE-1-e1669629663431-700x441.png 700w\" sizes=\"auto, (max-width: 700px) 100vw, 700px\" \/><\/a><\/li><\/ul><\/div><div class=\"recent-posts-content\"><span class=\"vcard\" style=\"display: none;\"><span class=\"fn\"><a href=\"https:\/\/www.villers-allerand.fr\/site\/author\/webmaster\/\" title=\"Articles par webmaster\" rel=\"author\">webmaster<\/a><\/span><\/span><span class=\"updated\" style=\"display:none;\">2022-12-28T11:03:03+01:00<\/span><h4 class=\"entry-title\"><a href=\"https:\/\/www.villers-allerand.fr\/site\/retour-sur-12-novembre-2022-100-ans-apres\/\">Retour sur &#8230; 12 Novembre 2022 : 100 ans apr\u00e8s<\/a><\/h4><p class=\"meta\"><span class=\"vcard\" style=\"display: none;\"><span class=\"fn\"><a href=\"https:\/\/www.villers-allerand.fr\/site\/author\/webmaster\/\" title=\"Articles par webmaster\" rel=\"author\">webmaster<\/a><\/span><\/span><span class=\"updated\" style=\"display:none;\">2022-12-28T11:03:03+01:00<\/span><span>28 novembre 2022<\/span><span class=\"fusion-inline-sep\">|<\/span><span class=\"fusion-comments\"><span>Commentaires ferm\u00e9s<span class=\"screen-reader-text\"> sur Retour sur &#8230; 12 Novembre 2022 : 100 ans apr\u00e8s<\/span><\/span><\/span><\/p><p>Retour en images sur cette journ\u00e9e historique et comm\u00e9morative du 12 novembre 2022 -- &gt;Vid\u00e9o Souvenir du 12 Novembre 2022 \u00a0ICI (Merci \u00e0 Vincent Ragon et \u00e0 la famille Weiler pour ces images)   [...]<\/p><\/div><\/article><article class=\"post fusion-column column col col-lg-3 col-md-3 col-sm-3\"><div class=\"fusion-flexslider flexslider flexslider-hover-type-none\"><ul class=\"slides\"><li><a href=\"https:\/\/www.villers-allerand.fr\/site\/election-presidentielle-resultats\/\" class=\"hover-type-none\" aria-label=\"RESULTATS DU SECOND TOUR DE L&rsquo;\u00c9LECTION PRESIDENTIELLE &#8211; 24 AVRIL 2022\"><img loading=\"lazy\" decoding=\"async\" width=\"583\" height=\"441\" src=\"https:\/\/www.villers-allerand.fr\/site\/wp-content\/uploads\/2022\/04\/presidentielle2022-583x441.jpg\" class=\"attachment-recent-posts size-recent-posts\" alt=\"\" \/><\/a><\/li><\/ul><\/div><div class=\"recent-posts-content\"><span class=\"vcard\" style=\"display: none;\"><span class=\"fn\"><a href=\"https:\/\/www.villers-allerand.fr\/site\/author\/webmaster\/\" title=\"Articles par webmaster\" rel=\"author\">webmaster<\/a><\/span><\/span><span class=\"updated\" style=\"display:none;\">2022-05-10T13:23:45+02:00<\/span><h4 class=\"entry-title\"><a href=\"https:\/\/www.villers-allerand.fr\/site\/election-presidentielle-resultats\/\">RESULTATS DU SECOND TOUR DE L&rsquo;\u00c9LECTION PRESIDENTIELLE &#8211; 24 AVRIL 2022<\/a><\/h4><p class=\"meta\"><span class=\"vcard\" style=\"display: none;\"><span class=\"fn\"><a href=\"https:\/\/www.villers-allerand.fr\/site\/author\/webmaster\/\" title=\"Articles par webmaster\" rel=\"author\">webmaster<\/a><\/span><\/span><span class=\"updated\" style=\"display:none;\">2022-05-10T13:23:45+02:00<\/span><span>24 avril 2022<\/span><span class=\"fusion-inline-sep\">|<\/span><span class=\"fusion-comments\"><span>Commentaires ferm\u00e9s<span class=\"screen-reader-text\"> sur RESULTATS DU SECOND TOUR DE L&rsquo;\u00c9LECTION PRESIDENTIELLE &#8211; 24 AVRIL 2022<\/span><\/span><\/span><\/p><p>Election Pr\u00e9sidentielle - 2\u00e8me tour du 24 Avril 2022 - R\u00e9sultats Villers-Allerand Inscrits \u00a0 \u00a0 \u00a0 \u00a0 \u00a0 604 Votants \u00a0 \u00a0 \u00a0 \u00a0 \u00a0 509 Blancs \u00a0 \u00a0 \u00a0 \u00a0 \u00a0 \u00a0 26 Nuls [...]<\/p><\/div><\/article><article class=\"post fusion-column column col col-lg-3 col-md-3 col-sm-3\"><div class=\"recent-posts-content\"><span class=\"vcard\" style=\"display: none;\"><span class=\"fn\"><a href=\"https:\/\/www.villers-allerand.fr\/site\/author\/webmaster\/\" title=\"Articles par webmaster\" rel=\"author\">webmaster<\/a><\/span><\/span><span class=\"updated\" style=\"display:none;\">2026-04-28T15:24:10+02:00<\/span><h4 class=\"entry-title\"><a href=\"https:\/\/www.villers-allerand.fr\/site\/bonne-annee\/\">Retour en images<\/a><\/h4><p class=\"meta\"><span class=\"vcard\" style=\"display: none;\"><span class=\"fn\"><a href=\"https:\/\/www.villers-allerand.fr\/site\/author\/webmaster\/\" title=\"Articles par webmaster\" rel=\"author\">webmaster<\/a><\/span><\/span><span class=\"updated\" style=\"display:none;\">2026-04-28T15:24:10+02:00<\/span><span>18 janvier 2021<\/span><span class=\"fusion-inline-sep\">|<\/span><span class=\"fusion-comments\"><span>Commentaires ferm\u00e9s<span class=\"screen-reader-text\"> sur Retour en images<\/span><\/span><\/span><\/p><p>&nbsp; &nbsp;  <\/p><\/div><\/article><\/section><\/div><a class=\"fusion-modal-text-link\" data-toggle=\"modal\" data-target=\".fusion-modal.Vid\u00e9o Centenaire du Monument aux Morts\" href=\"#\"><iframe loading=\"lazy\" title=\"YouTube video player\" src=\"https:\/\/www.youtube.com\/embed\/uN7B0FJJrzg?si=s0KLEzDVctd0tEqb\" width=\"560\" height=\"315\" frameborder=\"0\" allowfullscreen=\"allowfullscreen\"><\/iframe><\/a><div class=\"fusion-clearfix\"><\/div>\n\n\t\t\t\t\t<\/div>\n\t\t\t\t<\/div><\/div><\/div><div class=\"fusion-fullwidth fullwidth-box hundred-percent-fullwidth non-hundred-percent-height-scrolling\"  style='background-color: #dfdfdf;background-position: left top;background-repeat: no-repeat;padding-top:2%;padding-right:10%;padding-bottom:2%;padding-left:10%;border-top-width:0px;border-bottom-width:0px;border-color:#eae9e9;border-top-style:solid;border-bottom-style:solid;'><div class=\"fusion-builder-row fusion-row \"><div  class=\"fusion-layout-column fusion_builder_column fusion_builder_column_1_1 fusion-builder-column-8 fusion-one-full fusion-column-first fusion-column-last fusion-column-no-min-height 1_1\"  style='margin-top:0px;margin-bottom:0px;width:100%'>\n\t\t\t\t\t<div class=\"fusion-column-wrapper\" style=\"padding: 0px 0px 0px 0px;background-position:left top;background-repeat:no-repeat;-webkit-background-size:cover;-moz-background-size:cover;-o-background-size:cover;background-size:cover;\"   data-bg-url=\"\">\n\t\t\t\t\t\t<div class=\"fusion-title title fusion-title-5 fusion-sep-none fusion-title-size-two\" style=\"margin-top:0px;margin-bottom:30px;\"><h2 class=\"title-heading-left\" style=\"margin:0;\">R\u00e9trospectives 2021<\/h2><\/div><div class=\"fusion-clearfix\"><\/div>\n\n\t\t\t\t\t<\/div>\n\t\t\t\t<\/div><div  class=\"fusion-layout-column fusion_builder_column fusion_builder_column_1_1 fusion-builder-column-9 fusion-one-full fusion-column-first fusion-column-last 1_1\"  style='margin-top:0px;margin-bottom:0px;width:100%'>\n\t\t\t\t\t<div class=\"fusion-column-wrapper\" style=\"padding: 0px 0px 0px 0px;background-position:left top;background-repeat:no-repeat;-webkit-background-size:cover;-moz-background-size:cover;-o-background-size:cover;background-size:cover;\"   data-bg-url=\"\">\n\t\t\t\t\t\t<div class=\"fusion-recent-posts fusion-recent-posts-4 avada-container layout-default layout-columns-4\"><section class=\"fusion-columns columns fusion-columns-4 columns-4\"><article class=\"post fusion-column column col col-lg-3 col-md-3 col-sm-3\"><div class=\"fusion-flexslider flexslider flexslider-hover-type-none\"><ul class=\"slides\"><li><a href=\"https:\/\/www.villers-allerand.fr\/site\/illumination-du-grand-sapin\/\" class=\"hover-type-none\" aria-label=\"Illumination du Grand Sapin\"><img loading=\"lazy\" decoding=\"async\" width=\"700\" height=\"441\" src=\"https:\/\/www.villers-allerand.fr\/site\/wp-content\/uploads\/2021\/11\/cap-147417_1280-700x441.png\" class=\"attachment-recent-posts size-recent-posts\" alt=\"\" srcset=\"https:\/\/www.villers-allerand.fr\/site\/wp-content\/uploads\/2021\/11\/cap-147417_1280-320x202.png 320w, https:\/\/www.villers-allerand.fr\/site\/wp-content\/uploads\/2021\/11\/cap-147417_1280-700x441.png 700w\" sizes=\"auto, (max-width: 700px) 100vw, 700px\" \/><\/a><\/li><\/ul><\/div><div class=\"recent-posts-content\"><span class=\"vcard\" style=\"display: none;\"><span class=\"fn\"><a href=\"https:\/\/www.villers-allerand.fr\/site\/author\/webmaster\/\" title=\"Articles par webmaster\" rel=\"author\">webmaster<\/a><\/span><\/span><span class=\"updated\" style=\"display:none;\">2022-01-05T10:06:04+01:00<\/span><h4 class=\"entry-title\"><a href=\"https:\/\/www.villers-allerand.fr\/site\/illumination-du-grand-sapin\/\">Illumination du Grand Sapin<\/a><\/h4><p class=\"meta\"><span class=\"vcard\" style=\"display: none;\"><span class=\"fn\"><a href=\"https:\/\/www.villers-allerand.fr\/site\/author\/webmaster\/\" title=\"Articles par webmaster\" rel=\"author\">webmaster<\/a><\/span><\/span><span class=\"updated\" style=\"display:none;\">2022-01-05T10:06:04+01:00<\/span><span>28 novembre 2021<\/span><span class=\"fusion-inline-sep\">|<\/span><span class=\"fusion-comments\"><span>Commentaires ferm\u00e9s<span class=\"screen-reader-text\"> sur Illumination du Grand Sapin<\/span><\/span><\/span><\/p><p>Dimanche 5 d\u00e9cembre 2021, Villers-Allerand Montchenot ouvrait les festivit\u00e9s de No\u00ebl ! La municipalit\u00e9 et l'association La R\u00e9cr\u00e9 avaient donn\u00e9 rendez-vous aux habitants de tout \u00e2ge pour assister \u00e0 la mise en lumi\u00e8re des d\u00e9corations [...]<\/p><\/div><\/article><article class=\"post fusion-column column col col-lg-3 col-md-3 col-sm-3\"><div class=\"fusion-flexslider flexslider flexslider-hover-type-none\"><ul class=\"slides\"><li><a href=\"https:\/\/www.villers-allerand.fr\/site\/une-belle-ceremonie-du-11-novembre\/\" class=\"hover-type-none\" aria-label=\"Une belle c\u00e9r\u00e9monie du 11 novembre\"><img loading=\"lazy\" decoding=\"async\" width=\"700\" height=\"441\" src=\"https:\/\/www.villers-allerand.fr\/site\/wp-content\/uploads\/2021\/11\/IMG_6846-700x441.jpg\" class=\"attachment-recent-posts size-recent-posts\" alt=\"\" srcset=\"https:\/\/www.villers-allerand.fr\/site\/wp-content\/uploads\/2021\/11\/IMG_6846-320x202.jpg 320w, https:\/\/www.villers-allerand.fr\/site\/wp-content\/uploads\/2021\/11\/IMG_6846-700x441.jpg 700w\" sizes=\"auto, (max-width: 700px) 100vw, 700px\" \/><\/a><\/li><\/ul><\/div><div class=\"recent-posts-content\"><span class=\"vcard\" style=\"display: none;\"><span class=\"fn\"><a href=\"https:\/\/www.villers-allerand.fr\/site\/author\/webmaster\/\" title=\"Articles par webmaster\" rel=\"author\">webmaster<\/a><\/span><\/span><span class=\"updated\" style=\"display:none;\">2021-11-30T17:34:05+01:00<\/span><h4 class=\"entry-title\"><a href=\"https:\/\/www.villers-allerand.fr\/site\/une-belle-ceremonie-du-11-novembre\/\">Une belle c\u00e9r\u00e9monie du 11 novembre<\/a><\/h4><p class=\"meta\"><span class=\"vcard\" style=\"display: none;\"><span class=\"fn\"><a href=\"https:\/\/www.villers-allerand.fr\/site\/author\/webmaster\/\" title=\"Articles par webmaster\" rel=\"author\">webmaster<\/a><\/span><\/span><span class=\"updated\" style=\"display:none;\">2021-11-30T17:34:05+01:00<\/span><span>17 novembre 2021<\/span><span class=\"fusion-inline-sep\">|<\/span><span class=\"fusion-comments\"><span>Commentaires ferm\u00e9s<span class=\"screen-reader-text\"> sur Une belle c\u00e9r\u00e9monie du 11 novembre<\/span><\/span><\/span><\/p><p>Ce jeudi 11 novembre, les habitants de Villers-Allerand Montchenot \u00e9taient appel\u00e9s \u00e0 se rassembler devant le monument aux morts afin de comm\u00e9morer l'armistice de la 1\u00e8re Guerre Mondiale et de garder en m\u00e9moire les cons\u00e9quences [...]<\/p><\/div><\/article><article class=\"post fusion-column column col col-lg-3 col-md-3 col-sm-3\"><div class=\"fusion-flexslider flexslider flexslider-hover-type-none\"><ul class=\"slides\"><li><a href=\"https:\/\/www.villers-allerand.fr\/site\/le-ccas-en-visite-a-paris\/\" class=\"hover-type-none\" aria-label=\"Le CCAS en visite \u00e0 Paris\"><img loading=\"lazy\" decoding=\"async\" width=\"700\" height=\"441\" src=\"https:\/\/www.villers-allerand.fr\/site\/wp-content\/uploads\/2021\/11\/DSC_3609-1-700x441.jpeg\" class=\"attachment-recent-posts size-recent-posts\" alt=\"\" srcset=\"https:\/\/www.villers-allerand.fr\/site\/wp-content\/uploads\/2021\/11\/DSC_3609-1-320x202.jpeg 320w, https:\/\/www.villers-allerand.fr\/site\/wp-content\/uploads\/2021\/11\/DSC_3609-1-700x441.jpeg 700w\" sizes=\"auto, (max-width: 700px) 100vw, 700px\" \/><\/a><\/li><\/ul><\/div><div class=\"recent-posts-content\"><span class=\"vcard\" style=\"display: none;\"><span class=\"fn\"><a href=\"https:\/\/www.villers-allerand.fr\/site\/author\/webmaster\/\" title=\"Articles par webmaster\" rel=\"author\">webmaster<\/a><\/span><\/span><span class=\"updated\" style=\"display:none;\">2021-12-10T17:25:08+01:00<\/span><h4 class=\"entry-title\"><a href=\"https:\/\/www.villers-allerand.fr\/site\/le-ccas-en-visite-a-paris\/\">Le CCAS en visite \u00e0 Paris<\/a><\/h4><p class=\"meta\"><span class=\"vcard\" style=\"display: none;\"><span class=\"fn\"><a href=\"https:\/\/www.villers-allerand.fr\/site\/author\/webmaster\/\" title=\"Articles par webmaster\" rel=\"author\">webmaster<\/a><\/span><\/span><span class=\"updated\" style=\"display:none;\">2021-12-10T17:25:08+01:00<\/span><span>17 novembre 2021<\/span><span class=\"fusion-inline-sep\">|<\/span><span class=\"fusion-comments\"><span>Commentaires ferm\u00e9s<span class=\"screen-reader-text\"> sur Le CCAS en visite \u00e0 Paris<\/span><\/span><\/span><\/p><p>Retour sur la sortie du CCAS de Villers-Allerand Montchenot le mercredi 10 novembre 2021 Le CCAS\u00a0 nous proposait de partir une journ\u00e9e \u00e0 Paris. 34 d\u2019entre nous ont r\u00e9pondu \u00e0 l\u2019appel. Mais Paris\u00a0 ne se [...]<\/p><\/div><\/article><article class=\"post fusion-column column col col-lg-3 col-md-3 col-sm-3\"><div class=\"fusion-flexslider flexslider flexslider-hover-type-none\"><ul class=\"slides\"><li><a href=\"https:\/\/www.villers-allerand.fr\/site\/merci\/\" class=\"hover-type-none\" aria-label=\"Merci\"><img loading=\"lazy\" decoding=\"async\" width=\"700\" height=\"441\" src=\"https:\/\/www.villers-allerand.fr\/site\/wp-content\/uploads\/2021\/07\/Capture-d\u2019\u00e9cran-2021-07-05-\u00e0-07.49.23-700x441.png\" class=\"attachment-recent-posts size-recent-posts\" alt=\"\" srcset=\"https:\/\/www.villers-allerand.fr\/site\/wp-content\/uploads\/2021\/07\/Capture-d\u2019\u00e9cran-2021-07-05-\u00e0-07.49.23-e1625561659524-320x202.png 320w, https:\/\/www.villers-allerand.fr\/site\/wp-content\/uploads\/2021\/07\/Capture-d\u2019\u00e9cran-2021-07-05-\u00e0-07.49.23-700x441.png 700w\" sizes=\"auto, (max-width: 700px) 100vw, 700px\" \/><\/a><\/li><\/ul><\/div><div class=\"recent-posts-content\"><span class=\"vcard\" style=\"display: none;\"><span class=\"fn\"><a href=\"https:\/\/www.villers-allerand.fr\/site\/author\/webmaster\/\" title=\"Articles par webmaster\" rel=\"author\">webmaster<\/a><\/span><\/span><span class=\"updated\" style=\"display:none;\">2021-08-18T17:02:35+02:00<\/span><h4 class=\"entry-title\"><a href=\"https:\/\/www.villers-allerand.fr\/site\/merci\/\">Merci<\/a><\/h4><p class=\"meta\"><span class=\"vcard\" style=\"display: none;\"><span class=\"fn\"><a href=\"https:\/\/www.villers-allerand.fr\/site\/author\/webmaster\/\" title=\"Articles par webmaster\" rel=\"author\">webmaster<\/a><\/span><\/span><span class=\"updated\" style=\"display:none;\">2021-08-18T17:02:35+02:00<\/span><span>6 juillet 2021<\/span><span class=\"fusion-inline-sep\">|<\/span><span class=\"fusion-comments\"><span>Commentaires ferm\u00e9s<span class=\"screen-reader-text\"> sur Merci<\/span><\/span><\/span><\/p><p>Toute l'\u00e9quipe du tournage du film \"Champagne\" r\u00e9alis\u00e9 par Nicolas Vanier remercie l'ensemble des habitants, riverains, viticulteurs ....  <\/p><\/div><\/article><article class=\"post fusion-column column col col-lg-3 col-md-3 col-sm-3\"><div class=\"fusion-flexslider flexslider flexslider-hover-type-none\"><ul class=\"slides\"><li><a href=\"https:\/\/www.villers-allerand.fr\/site\/fete-de-lete-2021\/\" class=\"hover-type-none\" aria-label=\"F\u00eate de l&rsquo;\u00e9t\u00e9 2021\"><img loading=\"lazy\" decoding=\"async\" width=\"700\" height=\"441\" src=\"https:\/\/www.villers-allerand.fr\/site\/wp-content\/uploads\/2021\/06\/FETE-ETE-2021-e1624342322106-700x441.png\" class=\"attachment-recent-posts size-recent-posts\" alt=\"\" srcset=\"https:\/\/www.villers-allerand.fr\/site\/wp-content\/uploads\/2021\/06\/FETE-ETE-2021-e1624342322106-320x202.png 320w, https:\/\/www.villers-allerand.fr\/site\/wp-content\/uploads\/2021\/06\/FETE-ETE-2021-e1624342322106-700x441.png 700w\" sizes=\"auto, (max-width: 700px) 100vw, 700px\" \/><\/a><\/li><\/ul><\/div><div class=\"recent-posts-content\"><span class=\"vcard\" style=\"display: none;\"><span class=\"fn\"><a href=\"https:\/\/www.villers-allerand.fr\/site\/author\/webmaster\/\" title=\"Articles par webmaster\" rel=\"author\">webmaster<\/a><\/span><\/span><span class=\"updated\" style=\"display:none;\">2021-07-20T10:16:19+02:00<\/span><h4 class=\"entry-title\"><a href=\"https:\/\/www.villers-allerand.fr\/site\/fete-de-lete-2021\/\">F\u00eate de l&rsquo;\u00e9t\u00e9 2021<\/a><\/h4><p class=\"meta\"><span class=\"vcard\" style=\"display: none;\"><span class=\"fn\"><a href=\"https:\/\/www.villers-allerand.fr\/site\/author\/webmaster\/\" title=\"Articles par webmaster\" rel=\"author\">webmaster<\/a><\/span><\/span><span class=\"updated\" style=\"display:none;\">2021-07-20T10:16:19+02:00<\/span><span>6 juillet 2021<\/span><span class=\"fusion-inline-sep\">|<\/span><span class=\"fusion-comments\"><span>Commentaires ferm\u00e9s<span class=\"screen-reader-text\"> sur F\u00eate de l&rsquo;\u00e9t\u00e9 2021<\/span><\/span><\/span><\/p><p>Apr\u00e8s plus d'une ann\u00e9e sans manifestations du fait de la crise sanitaire, les habitants de Villers-Allerand Montchenot ont enfin pu se retrouver Samedi 3 Juillet 2021. Apr\u00e8s un ap\u00e9ritif offert par la municipalit\u00e9, plus d'une [...]<\/p><\/div><\/article><article class=\"post fusion-column column col col-lg-3 col-md-3 col-sm-3\"><div class=\"fusion-flexslider flexslider flexslider-hover-type-none\"><ul class=\"slides\"><li><a href=\"https:\/\/www.villers-allerand.fr\/site\/une-nouvelle-association-a-villers-allerand-montchenot-les-jardins-de-villers\/\" class=\"hover-type-none\" aria-label=\"Une nouvelle association \u00e0 Villers-Allerand Montchenot : Les Jardins de Villers\"><img loading=\"lazy\" decoding=\"async\" width=\"627\" height=\"441\" src=\"https:\/\/www.villers-allerand.fr\/site\/wp-content\/uploads\/2020\/11\/Dessin_Jardincollectif-copie-627x441.png\" class=\"attachment-recent-posts size-recent-posts\" alt=\"\" \/><\/a><\/li><\/ul><\/div><div class=\"recent-posts-content\"><span class=\"vcard\" style=\"display: none;\"><span class=\"fn\"><a href=\"https:\/\/www.villers-allerand.fr\/site\/author\/webmaster\/\" title=\"Articles par webmaster\" rel=\"author\">webmaster<\/a><\/span><\/span><span class=\"updated\" style=\"display:none;\">2021-07-06T10:32:11+02:00<\/span><h4 class=\"entry-title\"><a href=\"https:\/\/www.villers-allerand.fr\/site\/une-nouvelle-association-a-villers-allerand-montchenot-les-jardins-de-villers\/\">Une nouvelle association \u00e0 Villers-Allerand Montchenot : Les Jardins de Villers<\/a><\/h4><p class=\"meta\"><span class=\"vcard\" style=\"display: none;\"><span class=\"fn\"><a href=\"https:\/\/www.villers-allerand.fr\/site\/author\/webmaster\/\" title=\"Articles par webmaster\" rel=\"author\">webmaster<\/a><\/span><\/span><span class=\"updated\" style=\"display:none;\">2021-07-06T10:32:11+02:00<\/span><span>3 juillet 2021<\/span><span class=\"fusion-inline-sep\">|<\/span><span class=\"fusion-comments\"><span>Commentaires ferm\u00e9s<span class=\"screen-reader-text\"> sur Une nouvelle association \u00e0 Villers-Allerand Montchenot : Les Jardins de Villers<\/span><\/span><\/span><\/p><p>Les nouveaux jardiniers s\u2019activent pour am\u00e9nager le terrain mis \u00e0 disposition par la commune au sein du nouvel espace plein air. Ces jardins partag\u00e9s accueilleront les premi\u00e8res cultures au printemps prochain. Cela vous tente de [...]<\/p><\/div><\/article><article class=\"post fusion-column column col col-lg-3 col-md-3 col-sm-3\"><div class=\"fusion-flexslider flexslider flexslider-hover-type-none\"><ul class=\"slides\"><li><a href=\"https:\/\/www.villers-allerand.fr\/site\/elections-municipales-resultats-2\/\" class=\"hover-type-none\" aria-label=\"RESULTATS DES \u00c9LECTIONS DEPARTEMENTALES ET REGIONALES\"><img loading=\"lazy\" decoding=\"async\" width=\"533\" height=\"333\" src=\"https:\/\/www.villers-allerand.fr\/site\/wp-content\/uploads\/2021\/03\/regionales-departementales-2021.jpg\" class=\"attachment-recent-posts size-recent-posts\" alt=\"\" srcset=\"https:\/\/www.villers-allerand.fr\/site\/wp-content\/uploads\/2021\/03\/regionales-departementales-2021-200x125.jpg 200w, https:\/\/www.villers-allerand.fr\/site\/wp-content\/uploads\/2021\/03\/regionales-departementales-2021-300x187.jpg 300w, https:\/\/www.villers-allerand.fr\/site\/wp-content\/uploads\/2021\/03\/regionales-departementales-2021-400x250.jpg 400w, https:\/\/www.villers-allerand.fr\/site\/wp-content\/uploads\/2021\/03\/regionales-departementales-2021.jpg 533w\" sizes=\"auto, (max-width: 533px) 100vw, 533px\" \/><\/a><\/li><\/ul><\/div><div class=\"recent-posts-content\"><span class=\"vcard\" style=\"display: none;\"><span class=\"fn\"><a href=\"https:\/\/www.villers-allerand.fr\/site\/author\/webmaster\/\" title=\"Articles par webmaster\" rel=\"author\">webmaster<\/a><\/span><\/span><span class=\"updated\" style=\"display:none;\">2021-07-25T18:44:08+02:00<\/span><h4 class=\"entry-title\"><a href=\"https:\/\/www.villers-allerand.fr\/site\/elections-municipales-resultats-2\/\">RESULTATS DES \u00c9LECTIONS DEPARTEMENTALES ET REGIONALES<\/a><\/h4><p class=\"meta\"><span class=\"vcard\" style=\"display: none;\"><span class=\"fn\"><a href=\"https:\/\/www.villers-allerand.fr\/site\/author\/webmaster\/\" title=\"Articles par webmaster\" rel=\"author\">webmaster<\/a><\/span><\/span><span class=\"updated\" style=\"display:none;\">2021-07-25T18:44:08+02:00<\/span><span>20 juin 2021<\/span><span class=\"fusion-inline-sep\">|<\/span><span class=\"fusion-comments\"><span>Commentaires ferm\u00e9s<span class=\"screen-reader-text\"> sur RESULTATS DES \u00c9LECTIONS DEPARTEMENTALES ET REGIONALES<\/span><\/span><\/span><\/p><p>Elections R\u00e9gionales - 2\u00e8me tour du 27 Juin 2021 - R\u00e9sultats Villers Allerand Inscrits 589 Votants 206 Blancs &amp; Nuls 6 Exprim\u00e9s 200 Soit un taux de participation de 34,97% (en l\u00e9ger recul par rapport [...]<\/p><\/div><\/article><article class=\"post fusion-column column col col-lg-3 col-md-3 col-sm-3\"><div class=\"recent-posts-content\"><span class=\"vcard\" style=\"display: none;\"><span class=\"fn\"><a href=\"https:\/\/www.villers-allerand.fr\/site\/author\/webmaster\/\" title=\"Articles par webmaster\" rel=\"author\">webmaster<\/a><\/span><\/span><span class=\"updated\" style=\"display:none;\">2026-04-28T15:24:10+02:00<\/span><h4 class=\"entry-title\"><a href=\"https:\/\/www.villers-allerand.fr\/site\/bonne-annee\/\">Retour en images<\/a><\/h4><p class=\"meta\"><span class=\"vcard\" style=\"display: none;\"><span class=\"fn\"><a href=\"https:\/\/www.villers-allerand.fr\/site\/author\/webmaster\/\" title=\"Articles par webmaster\" rel=\"author\">webmaster<\/a><\/span><\/span><span class=\"updated\" style=\"display:none;\">2026-04-28T15:24:10+02:00<\/span><span>18 janvier 2021<\/span><span class=\"fusion-inline-sep\">|<\/span><span class=\"fusion-comments\"><span>Commentaires ferm\u00e9s<span class=\"screen-reader-text\"> sur Retour en images<\/span><\/span><\/span><\/p><p>&nbsp; &nbsp;  <\/p><\/div><\/article><\/section><\/div><div class=\"fusion-clearfix\"><\/div>\n\n\t\t\t\t\t<\/div>\n\t\t\t\t<\/div><\/div><\/div><div class=\"fusion-fullwidth fullwidth-box hundred-percent-fullwidth non-hundred-percent-height-scrolling\"  style='background-color: #dfdfdf;background-position: left top;background-repeat: no-repeat;padding-top:2%;padding-right:10%;padding-bottom:2%;padding-left:10%;border-top-width:0px;border-bottom-width:0px;border-color:#eae9e9;border-top-style:solid;border-bottom-style:solid;'><div class=\"fusion-builder-row fusion-row \"><div  class=\"fusion-layout-column fusion_builder_column fusion_builder_column_1_1 fusion-builder-column-10 fusion-one-full fusion-column-first fusion-column-last fusion-column-no-min-height 1_1\"  style='margin-top:0px;margin-bottom:0px;width:100%'>\n\t\t\t\t\t<div class=\"fusion-column-wrapper\" style=\"padding: 0px 0px 0px 0px;background-position:left top;background-repeat:no-repeat;-webkit-background-size:cover;-moz-background-size:cover;-o-background-size:cover;background-size:cover;\"   data-bg-url=\"\">\n\t\t\t\t\t\t<div class=\"fusion-title title fusion-title-6 fusion-sep-none fusion-title-size-two\" style=\"margin-top:0px;margin-bottom:30px;\"><h2 class=\"title-heading-left\" style=\"margin:0;\">R\u00e9trospectives 2020<\/h2><\/div><div class=\"fusion-clearfix\"><\/div>\n\n\t\t\t\t\t<\/div>\n\t\t\t\t<\/div><div  class=\"fusion-layout-column fusion_builder_column fusion_builder_column_1_1 fusion-builder-column-11 fusion-one-full fusion-column-first fusion-column-last 1_1\"  style='margin-top:0px;margin-bottom:0px;width:100%'>\n\t\t\t\t\t<div class=\"fusion-column-wrapper\" style=\"padding: 0px 0px 0px 0px;background-position:left top;background-repeat:no-repeat;-webkit-background-size:cover;-moz-background-size:cover;-o-background-size:cover;background-size:cover;\"   data-bg-url=\"\">\n\t\t\t\t\t\t<div class=\"fusion-recent-posts fusion-recent-posts-5 avada-container layout-default layout-columns-3\"><section class=\"fusion-columns columns fusion-columns-3 columns-3\"><article class=\"post fusion-column column col col-lg-4 col-md-4 col-sm-4\"><div class=\"fusion-flexslider flexslider flexslider-hover-type-none\"><ul class=\"slides\"><li><a href=\"https:\/\/www.villers-allerand.fr\/site\/chemin-de-la-petite-barbarie\/\" class=\"hover-type-none\" aria-label=\"Chemin de la petite barbarie\"><img loading=\"lazy\" decoding=\"async\" width=\"640\" height=\"441\" src=\"https:\/\/www.villers-allerand.fr\/site\/wp-content\/uploads\/2020\/08\/construction-work-147759_640-640x441.png\" class=\"attachment-recent-posts size-recent-posts\" alt=\"travaux\" \/><\/a><\/li><\/ul><\/div><div class=\"recent-posts-content\"><span class=\"vcard\" style=\"display: none;\"><span class=\"fn\"><a href=\"https:\/\/www.villers-allerand.fr\/site\/author\/webmaster\/\" title=\"Articles par webmaster\" rel=\"author\">webmaster<\/a><\/span><\/span><span class=\"updated\" style=\"display:none;\">2021-04-28T10:49:52+02:00<\/span><h4 class=\"entry-title\"><a href=\"https:\/\/www.villers-allerand.fr\/site\/chemin-de-la-petite-barbarie\/\">Chemin de la petite barbarie<\/a><\/h4><p class=\"meta\"><span class=\"vcard\" style=\"display: none;\"><span class=\"fn\"><a href=\"https:\/\/www.villers-allerand.fr\/site\/author\/webmaster\/\" title=\"Articles par webmaster\" rel=\"author\">webmaster<\/a><\/span><\/span><span class=\"updated\" style=\"display:none;\">2021-04-28T10:49:52+02:00<\/span><span>18 d\u00e9cembre 2020<\/span><span class=\"fusion-inline-sep\">|<\/span><span class=\"fusion-comments\"><span>Commentaires ferm\u00e9s<span class=\"screen-reader-text\"> sur Chemin de la petite barbarie<\/span><\/span><\/span><\/p><p>La r\u00e9novation du Chemin de la petite barbarie est \u00a0d\u00e9sormais achev\u00e9e. Vous pouvez de nouveau y circuler en respectant bien sur les limitations de vitesse et les autres usagers, pi\u00e9tons, cyclistes, nombreux dans ce secteur [...]<\/p><\/div><\/article><article class=\"post fusion-column column col col-lg-4 col-md-4 col-sm-4\"><div class=\"fusion-flexslider flexslider flexslider-hover-type-none\"><ul class=\"slides\"><li><a href=\"https:\/\/www.villers-allerand.fr\/site\/un-mois-de-novembre-actif\/\" class=\"hover-type-none\" aria-label=\"Un mois de novembre actif !\"><img loading=\"lazy\" decoding=\"async\" width=\"640\" height=\"441\" src=\"https:\/\/www.villers-allerand.fr\/site\/wp-content\/uploads\/2020\/08\/construction-work-147759_640-640x441.png\" class=\"attachment-recent-posts size-recent-posts\" alt=\"travaux\" \/><\/a><\/li><\/ul><\/div><div class=\"recent-posts-content\"><span class=\"vcard\" style=\"display: none;\"><span class=\"fn\"><a href=\"https:\/\/www.villers-allerand.fr\/site\/author\/webmaster\/\" title=\"Articles par webmaster\" rel=\"author\">webmaster<\/a><\/span><\/span><span class=\"updated\" style=\"display:none;\">2021-04-28T10:55:43+02:00<\/span><h4 class=\"entry-title\"><a href=\"https:\/\/www.villers-allerand.fr\/site\/un-mois-de-novembre-actif\/\">Un mois de novembre actif !<\/a><\/h4><p class=\"meta\"><span class=\"vcard\" style=\"display: none;\"><span class=\"fn\"><a href=\"https:\/\/www.villers-allerand.fr\/site\/author\/webmaster\/\" title=\"Articles par webmaster\" rel=\"author\">webmaster<\/a><\/span><\/span><span class=\"updated\" style=\"display:none;\">2021-04-28T10:55:43+02:00<\/span><span>27 novembre 2020<\/span><span class=\"fusion-inline-sep\">|<\/span><span class=\"fusion-comments\"><span>Commentaires ferm\u00e9s<span class=\"screen-reader-text\"> sur Un mois de novembre actif !<\/span><\/span><\/span><\/p><p>Quelques nouvelles du travail de la municipalit\u00e9 de Villers-Allerand Montchenot en cette fin de mois de novembre : - Espace Plein Air : la premi\u00e8re tonte a \u00e9t\u00e9 effectu\u00e9e cette semaine mais nos footballeurs devront [...]<\/p><\/div><\/article><article class=\"post fusion-column column col col-lg-4 col-md-4 col-sm-4\"><div class=\"fusion-flexslider flexslider flexslider-hover-type-none\"><ul class=\"slides\"><li><a href=\"https:\/\/www.villers-allerand.fr\/site\/commemoration-du-11-novembre\/\" class=\"hover-type-none\" aria-label=\"Comm\u00e9moration du 11 Novembre\"><img loading=\"lazy\" decoding=\"async\" width=\"700\" height=\"441\" src=\"https:\/\/www.villers-allerand.fr\/site\/wp-content\/uploads\/2020\/11\/IMG_4023-copie-700x441.jpg\" class=\"attachment-recent-posts size-recent-posts\" alt=\"\" srcset=\"https:\/\/www.villers-allerand.fr\/site\/wp-content\/uploads\/2020\/11\/IMG_4023-copie-320x202.jpg 320w, https:\/\/www.villers-allerand.fr\/site\/wp-content\/uploads\/2020\/11\/IMG_4023-copie-700x441.jpg 700w\" sizes=\"auto, (max-width: 700px) 100vw, 700px\" \/><\/a><\/li><\/ul><\/div><div class=\"recent-posts-content\"><span class=\"vcard\" style=\"display: none;\"><span class=\"fn\"><a href=\"https:\/\/www.villers-allerand.fr\/site\/author\/webmaster\/\" title=\"Articles par webmaster\" rel=\"author\">webmaster<\/a><\/span><\/span><span class=\"updated\" style=\"display:none;\">2021-04-28T10:55:43+02:00<\/span><h4 class=\"entry-title\"><a href=\"https:\/\/www.villers-allerand.fr\/site\/commemoration-du-11-novembre\/\">Comm\u00e9moration du 11 Novembre<\/a><\/h4><p class=\"meta\"><span class=\"vcard\" style=\"display: none;\"><span class=\"fn\"><a href=\"https:\/\/www.villers-allerand.fr\/site\/author\/webmaster\/\" title=\"Articles par webmaster\" rel=\"author\">webmaster<\/a><\/span><\/span><span class=\"updated\" style=\"display:none;\">2021-04-28T10:55:43+02:00<\/span><span>11 novembre 2020<\/span><span class=\"fusion-inline-sep\">|<\/span><span class=\"fusion-comments\"><span>Commentaires ferm\u00e9s<span class=\"screen-reader-text\"> sur Comm\u00e9moration du 11 Novembre<\/span><\/span><\/span><\/p><p>Ce mercredi 11 novembre 2020, dans le respect des consignes sanitaires, le Maire et les conseillers municipaux se sont retrouv\u00e9s devant le monument aux morts de Villers-Allerand Montchenot, Place des d\u00e9port\u00e9s, pour comm\u00e9morer le 102\u00e8me [...]<\/p><\/div><\/article><article class=\"post fusion-column column col col-lg-4 col-md-4 col-sm-4\"><div class=\"fusion-flexslider flexslider flexslider-hover-type-none\"><ul class=\"slides\"><li><a href=\"https:\/\/www.villers-allerand.fr\/site\/villages-et-coteaux-propres-2020\/\" class=\"hover-type-none\" aria-label=\"Villages et Coteaux Propres 2020\"><img loading=\"lazy\" decoding=\"async\" width=\"700\" height=\"441\" src=\"https:\/\/www.villers-allerand.fr\/site\/wp-content\/uploads\/2020\/09\/Villages-et-coteaux-propres-2020-e1600151080698-700x441.png\" class=\"attachment-recent-posts size-recent-posts\" alt=\"\" srcset=\"https:\/\/www.villers-allerand.fr\/site\/wp-content\/uploads\/2020\/09\/Villages-et-coteaux-propres-2020-e1600151080698-320x202.png 320w, https:\/\/www.villers-allerand.fr\/site\/wp-content\/uploads\/2020\/09\/Villages-et-coteaux-propres-2020-e1600151080698-700x441.png 700w\" sizes=\"auto, (max-width: 700px) 100vw, 700px\" \/><\/a><\/li><\/ul><\/div><div class=\"recent-posts-content\"><span class=\"vcard\" style=\"display: none;\"><span class=\"fn\"><a href=\"https:\/\/www.villers-allerand.fr\/site\/author\/webmaster\/\" title=\"Articles par webmaster\" rel=\"author\">webmaster<\/a><\/span><\/span><span class=\"updated\" style=\"display:none;\">2020-10-22T08:18:04+02:00<\/span><h4 class=\"entry-title\"><a href=\"https:\/\/www.villers-allerand.fr\/site\/villages-et-coteaux-propres-2020\/\">Villages et Coteaux Propres 2020<\/a><\/h4><p class=\"meta\"><span class=\"vcard\" style=\"display: none;\"><span class=\"fn\"><a href=\"https:\/\/www.villers-allerand.fr\/site\/author\/webmaster\/\" title=\"Articles par webmaster\" rel=\"author\">webmaster<\/a><\/span><\/span><span class=\"updated\" style=\"display:none;\">2020-10-22T08:18:04+02:00<\/span><span>12 octobre 2020<\/span><span class=\"fusion-inline-sep\">|<\/span><span class=\"fusion-comments\"><span>Commentaires ferm\u00e9s<span class=\"screen-reader-text\"> sur Villages et Coteaux Propres 2020<\/span><\/span><\/span><\/p><p>Plus d\u2019une vingtaine de b\u00e9n\u00e9voles, de tous \u00e2ges, ont particip\u00e9 ce samedi matin \u00e0 la collecte d\u2019ordures et d\u00e9tritus sur le territoire de la commune de Villers Allerand Montchenot, dans le cadre de l\u2019op\u00e9ration: \u201cVillages [...]<\/p><\/div><\/article><article class=\"post fusion-column column col col-lg-4 col-md-4 col-sm-4\"><div class=\"fusion-flexslider flexslider flexslider-hover-type-none\"><ul class=\"slides\"><li><a href=\"https:\/\/www.villers-allerand.fr\/site\/un-sentier-didactique-dans-la-foret-de-villers-allerand-montchenot\/\" class=\"hover-type-none\" aria-label=\"Un sentier didactique dans la for\u00eat de Villers-Allerand Montchenot\"><img loading=\"lazy\" decoding=\"async\" width=\"700\" height=\"441\" src=\"https:\/\/www.villers-allerand.fr\/site\/wp-content\/uploads\/2020\/09\/DSC_2214-1-700x441.jpeg\" class=\"attachment-recent-posts size-recent-posts\" alt=\"\" srcset=\"https:\/\/www.villers-allerand.fr\/site\/wp-content\/uploads\/2020\/09\/DSC_2214-1-320x202.jpeg 320w, https:\/\/www.villers-allerand.fr\/site\/wp-content\/uploads\/2020\/09\/DSC_2214-1-700x441.jpeg 700w\" sizes=\"auto, (max-width: 700px) 100vw, 700px\" \/><\/a><\/li><\/ul><\/div><div class=\"recent-posts-content\"><span class=\"vcard\" style=\"display: none;\"><span class=\"fn\"><a href=\"https:\/\/www.villers-allerand.fr\/site\/author\/webmaster\/\" title=\"Articles par webmaster\" rel=\"author\">webmaster<\/a><\/span><\/span><span class=\"updated\" style=\"display:none;\">2020-10-04T08:13:01+02:00<\/span><h4 class=\"entry-title\"><a href=\"https:\/\/www.villers-allerand.fr\/site\/un-sentier-didactique-dans-la-foret-de-villers-allerand-montchenot\/\">Un sentier didactique dans la for\u00eat de Villers-Allerand Montchenot<\/a><\/h4><p class=\"meta\"><span class=\"vcard\" style=\"display: none;\"><span class=\"fn\"><a href=\"https:\/\/www.villers-allerand.fr\/site\/author\/webmaster\/\" title=\"Articles par webmaster\" rel=\"author\">webmaster<\/a><\/span><\/span><span class=\"updated\" style=\"display:none;\">2020-10-04T08:13:01+02:00<\/span><span>4 septembre 2020<\/span><span class=\"fusion-inline-sep\">|<\/span><span class=\"fusion-comments\"><span>Commentaires ferm\u00e9s<span class=\"screen-reader-text\"> sur Un sentier didactique dans la for\u00eat de Villers-Allerand Montchenot<\/span><\/span><\/span><\/p><p>Ce jeudi 3 septembre a eu lieu l'inauguration du sentier didactique FOREST \u00a0FUN \u00e0 Villers-Allerand Montchenot en pr\u00e9sence des repr\u00e9sentants de PEFC Grand Est (organisme de certification de la gestion durable des for\u00eats), des personnels [...]<\/p><\/div><\/article><article class=\"post fusion-column column col col-lg-4 col-md-4 col-sm-4\"><div class=\"fusion-flexslider flexslider flexslider-hover-type-none\"><ul class=\"slides\"><li><a href=\"https:\/\/www.villers-allerand.fr\/site\/installation-du-nouveau-conseil-municipal\/\" class=\"hover-type-none\" aria-label=\"Installation du nouveau Conseil Municipal\"><img loading=\"lazy\" decoding=\"async\" width=\"700\" height=\"441\" src=\"https:\/\/www.villers-allerand.fr\/site\/wp-content\/uploads\/2020\/05\/ae1fa699a294a3024e1786afdc254ecafe2a0207-700x441.jpeg\" class=\"attachment-recent-posts size-recent-posts\" alt=\"\" srcset=\"https:\/\/www.villers-allerand.fr\/site\/wp-content\/uploads\/2020\/05\/ae1fa699a294a3024e1786afdc254ecafe2a0207-320x202.jpeg 320w, https:\/\/www.villers-allerand.fr\/site\/wp-content\/uploads\/2020\/05\/ae1fa699a294a3024e1786afdc254ecafe2a0207-700x441.jpeg 700w\" sizes=\"auto, (max-width: 700px) 100vw, 700px\" \/><\/a><\/li><\/ul><\/div><div class=\"recent-posts-content\"><span class=\"vcard\" style=\"display: none;\"><span class=\"fn\"><a href=\"https:\/\/www.villers-allerand.fr\/site\/author\/webmaster\/\" title=\"Articles par webmaster\" rel=\"author\">webmaster<\/a><\/span><\/span><span class=\"updated\" style=\"display:none;\">2021-04-28T10:55:43+02:00<\/span><h4 class=\"entry-title\"><a href=\"https:\/\/www.villers-allerand.fr\/site\/installation-du-nouveau-conseil-municipal\/\">Installation du nouveau Conseil Municipal<\/a><\/h4><p class=\"meta\"><span class=\"vcard\" style=\"display: none;\"><span class=\"fn\"><a href=\"https:\/\/www.villers-allerand.fr\/site\/author\/webmaster\/\" title=\"Articles par webmaster\" rel=\"author\">webmaster<\/a><\/span><\/span><span class=\"updated\" style=\"display:none;\">2021-04-28T10:55:43+02:00<\/span><span>26 mai 2020<\/span><span class=\"fusion-inline-sep\">|<\/span><span class=\"fusion-comments\"><span>Commentaires ferm\u00e9s<span class=\"screen-reader-text\"> sur Installation du nouveau Conseil Municipal<\/span><\/span><\/span><\/p><p>Lundi 25 mai 2020, sur convocation du Maire sortant monsieur Wily Dubos, les conseillers nouvellement \u00e9lus de Villers-Allerand Montchenot se sont r\u00e9unis. Aux fins de lutter contre la propagation du covid-19, conform\u00e9ment \u00e0 l\u2019ordonnance des [...]<\/p><\/div><\/article><article class=\"post fusion-column column col col-lg-4 col-md-4 col-sm-4\"><div class=\"fusion-flexslider flexslider flexslider-hover-type-none\"><ul class=\"slides\"><li><a href=\"https:\/\/www.villers-allerand.fr\/site\/commemoration-du-8-mai-1945\/\" class=\"hover-type-none\" aria-label=\"Comm\u00e9moration du 8 Mai 1945\"><img loading=\"lazy\" decoding=\"async\" width=\"700\" height=\"441\" src=\"https:\/\/www.villers-allerand.fr\/site\/wp-content\/uploads\/2020\/05\/ae1fa699a294a3024e1786afdc254ecafe2a0207-700x441.jpeg\" class=\"attachment-recent-posts size-recent-posts\" alt=\"\" srcset=\"https:\/\/www.villers-allerand.fr\/site\/wp-content\/uploads\/2020\/05\/ae1fa699a294a3024e1786afdc254ecafe2a0207-320x202.jpeg 320w, https:\/\/www.villers-allerand.fr\/site\/wp-content\/uploads\/2020\/05\/ae1fa699a294a3024e1786afdc254ecafe2a0207-700x441.jpeg 700w\" sizes=\"auto, (max-width: 700px) 100vw, 700px\" \/><\/a><\/li><\/ul><\/div><div class=\"recent-posts-content\"><span class=\"vcard\" style=\"display: none;\"><span class=\"fn\"><a href=\"https:\/\/www.villers-allerand.fr\/site\/author\/webmaster\/\" title=\"Articles par webmaster\" rel=\"author\">webmaster<\/a><\/span><\/span><span class=\"updated\" style=\"display:none;\">2021-04-28T10:55:43+02:00<\/span><h4 class=\"entry-title\"><a href=\"https:\/\/www.villers-allerand.fr\/site\/commemoration-du-8-mai-1945\/\">Comm\u00e9moration du 8 Mai 1945<\/a><\/h4><p class=\"meta\"><span class=\"vcard\" style=\"display: none;\"><span class=\"fn\"><a href=\"https:\/\/www.villers-allerand.fr\/site\/author\/webmaster\/\" title=\"Articles par webmaster\" rel=\"author\">webmaster<\/a><\/span><\/span><span class=\"updated\" style=\"display:none;\">2021-04-28T10:55:43+02:00<\/span><span>9 mai 2020<\/span><span class=\"fusion-inline-sep\">|<\/span><span class=\"fusion-comments\"><span>Commentaires ferm\u00e9s<span class=\"screen-reader-text\"> sur Comm\u00e9moration du 8 Mai 1945<\/span><\/span><\/span><\/p><p>Ce Vendredi 8 Mai 2020, dans le contexte tr\u00e8s particulier de la crise sanitaire actuelle, le Maire de Villers-Allerand Montchenot, accompagn\u00e9 de quelques \u00e9lus municipaux, a honor\u00e9 la m\u00e9moire de nos combattants. Selon les recommandations [...]<\/p><\/div><\/article><article class=\"post fusion-column column col col-lg-4 col-md-4 col-sm-4\"><div class=\"fusion-flexslider flexslider flexslider-hover-type-none\"><ul class=\"slides\"><li><a href=\"https:\/\/www.villers-allerand.fr\/site\/elections-municipales-resultats\/\" class=\"hover-type-none\" aria-label=\"\u00c9LECTIONS MUNICIPALES   R\u00c9SULTATS\"><img loading=\"lazy\" decoding=\"async\" width=\"700\" height=\"441\" src=\"https:\/\/www.villers-allerand.fr\/site\/wp-content\/uploads\/2020\/03\/ELECTIONS1-e1584344191368-700x441.png\" class=\"attachment-recent-posts size-recent-posts\" alt=\"\" srcset=\"https:\/\/www.villers-allerand.fr\/site\/wp-content\/uploads\/2020\/03\/ELECTIONS1-e1584344191368-320x202.png 320w, https:\/\/www.villers-allerand.fr\/site\/wp-content\/uploads\/2020\/03\/ELECTIONS1-e1584344191368-700x441.png 700w\" sizes=\"auto, (max-width: 700px) 100vw, 700px\" \/><\/a><\/li><\/ul><\/div><div class=\"recent-posts-content\"><span class=\"vcard\" style=\"display: none;\"><span class=\"fn\"><a href=\"https:\/\/www.villers-allerand.fr\/site\/author\/webmaster\/\" title=\"Articles par webmaster\" rel=\"author\">webmaster<\/a><\/span><\/span><span class=\"updated\" style=\"display:none;\">2021-04-28T10:55:43+02:00<\/span><h4 class=\"entry-title\"><a href=\"https:\/\/www.villers-allerand.fr\/site\/elections-municipales-resultats\/\">\u00c9LECTIONS MUNICIPALES   R\u00c9SULTATS<\/a><\/h4><p class=\"meta\"><span class=\"vcard\" style=\"display: none;\"><span class=\"fn\"><a href=\"https:\/\/www.villers-allerand.fr\/site\/author\/webmaster\/\" title=\"Articles par webmaster\" rel=\"author\">webmaster<\/a><\/span><\/span><span class=\"updated\" style=\"display:none;\">2021-04-28T10:55:43+02:00<\/span><span>16 mars 2020<\/span><span class=\"fusion-inline-sep\">|<\/span><span class=\"fusion-comments\"><span>Commentaires ferm\u00e9s<span class=\"screen-reader-text\"> sur \u00c9LECTIONS MUNICIPALES   R\u00c9SULTATS<\/span><\/span><\/span><\/p><p>Inscrits : 560 Votants : 301 Blancs : 2 Nuls : 9 Exprim\u00e9s : 292 Participation : 53,75 % Sont \u00e9lus au 1er tour, 15 candidats : COCQUELET Jean-Pierre CHAPPELLET Jean-Marie FLOCH Ga\u00eblle JEANTY St\u00e9phane [...]<\/p><\/div><\/article><article class=\"post fusion-column column col col-lg-4 col-md-4 col-sm-4\"><div class=\"fusion-flexslider flexslider flexslider-hover-type-none\"><ul class=\"slides\"><li><a href=\"https:\/\/www.villers-allerand.fr\/site\/journee-annuelle-du-ccas-de-villers-allerand-montchenot\/\" class=\"hover-type-none\" aria-label=\"Journ\u00e9e annuelle du CCAS de Villers-Allerand Montchenot\"><img loading=\"lazy\" decoding=\"async\" width=\"700\" height=\"441\" src=\"https:\/\/www.villers-allerand.fr\/site\/wp-content\/uploads\/2020\/01\/DSC_1440-700x441.jpeg\" class=\"attachment-recent-posts size-recent-posts\" alt=\"\" srcset=\"https:\/\/www.villers-allerand.fr\/site\/wp-content\/uploads\/2020\/01\/DSC_1440-320x202.jpeg 320w, https:\/\/www.villers-allerand.fr\/site\/wp-content\/uploads\/2020\/01\/DSC_1440-700x441.jpeg 700w\" sizes=\"auto, (max-width: 700px) 100vw, 700px\" \/><\/a><\/li><\/ul><\/div><div class=\"recent-posts-content\"><span class=\"vcard\" style=\"display: none;\"><span class=\"fn\"><a href=\"https:\/\/www.villers-allerand.fr\/site\/author\/webmaster\/\" title=\"Articles par webmaster\" rel=\"author\">webmaster<\/a><\/span><\/span><span class=\"updated\" style=\"display:none;\">2021-04-28T10:55:43+02:00<\/span><h4 class=\"entry-title\"><a href=\"https:\/\/www.villers-allerand.fr\/site\/journee-annuelle-du-ccas-de-villers-allerand-montchenot\/\">Journ\u00e9e annuelle du CCAS de Villers-Allerand Montchenot<\/a><\/h4><p class=\"meta\"><span class=\"vcard\" style=\"display: none;\"><span class=\"fn\"><a href=\"https:\/\/www.villers-allerand.fr\/site\/author\/webmaster\/\" title=\"Articles par webmaster\" rel=\"author\">webmaster<\/a><\/span><\/span><span class=\"updated\" style=\"display:none;\">2021-04-28T10:55:43+02:00<\/span><span>31 janvier 2020<\/span><span class=\"fusion-inline-sep\">|<\/span><span class=\"fusion-comments\"><span>Commentaires ferm\u00e9s<span class=\"screen-reader-text\"> sur Journ\u00e9e annuelle du CCAS de Villers-Allerand Montchenot<\/span><\/span><\/span><\/p><p>Moment convivial, ce rendez-vous pris chaque ann\u00e9e avec les membres du CCAS et les \"ain\u00e9s\" de la commune est incontournable ! Que ce soit sous la forme d'un d\u00e9jeuner, d'une \u00a0sortie au cabaret, il est, [...]<\/p><\/div><\/article><article class=\"post fusion-column column col col-lg-4 col-md-4 col-sm-4\"><div class=\"fusion-flexslider flexslider flexslider-hover-type-none\"><ul class=\"slides\"><li><a href=\"https:\/\/www.villers-allerand.fr\/site\/excellente-annee-2020-a-tous\/\" class=\"hover-type-none\" aria-label=\"Excellente ann\u00e9e 2020 \u00e0 tous !!\"><img loading=\"lazy\" decoding=\"async\" width=\"700\" height=\"441\" src=\"https:\/\/www.villers-allerand.fr\/site\/wp-content\/uploads\/2020\/01\/Voeux2020-700x441.png\" class=\"attachment-recent-posts size-recent-posts\" alt=\"\" srcset=\"https:\/\/www.villers-allerand.fr\/site\/wp-content\/uploads\/2020\/01\/Voeux2020-320x202.png 320w, https:\/\/www.villers-allerand.fr\/site\/wp-content\/uploads\/2020\/01\/Voeux2020-700x441.png 700w\" sizes=\"auto, (max-width: 700px) 100vw, 700px\" \/><\/a><\/li><\/ul><\/div><div class=\"recent-posts-content\"><span class=\"vcard\" style=\"display: none;\"><span class=\"fn\"><a href=\"https:\/\/www.villers-allerand.fr\/site\/author\/webmaster\/\" title=\"Articles par webmaster\" rel=\"author\">webmaster<\/a><\/span><\/span><span class=\"updated\" style=\"display:none;\">2021-04-28T10:55:43+02:00<\/span><h4 class=\"entry-title\"><a href=\"https:\/\/www.villers-allerand.fr\/site\/excellente-annee-2020-a-tous\/\">Excellente ann\u00e9e 2020 \u00e0 tous !!<\/a><\/h4><p class=\"meta\"><span class=\"vcard\" style=\"display: none;\"><span class=\"fn\"><a href=\"https:\/\/www.villers-allerand.fr\/site\/author\/webmaster\/\" title=\"Articles par webmaster\" rel=\"author\">webmaster<\/a><\/span><\/span><span class=\"updated\" style=\"display:none;\">2021-04-28T10:55:43+02:00<\/span><span>15 janvier 2020<\/span><span class=\"fusion-inline-sep\">|<\/span><span class=\"fusion-comments\"><span>Commentaires ferm\u00e9s<span class=\"screen-reader-text\"> sur Excellente ann\u00e9e 2020 \u00e0 tous !!<\/span><\/span><\/span><\/p><p>Monsieur Le Maire, les membres du Conseil Municipal de Villers-Allerand Montchenot vous pr\u00e9sentent leurs meilleurs voeux pour cette nouvelle ann\u00e9e. \u00c0 cette occasion, personnels, membres d'associations communales, b\u00e9n\u00e9voles, repr\u00e9sentants des communes voisines ou du Grand [...]<\/p><\/div><\/article><\/section><\/div><div class=\"fusion-clearfix\"><\/div>\n\n\t\t\t\t\t<\/div>\n\t\t\t\t<\/div><\/div><\/div><div class=\"fusion-fullwidth fullwidth-box hundred-percent-fullwidth non-hundred-percent-height-scrolling\"  style='background-color: #dfdfdf;background-position: left top;background-repeat: no-repeat;padding-top:2%;padding-right:10%;padding-bottom:2%;padding-left:10%;border-top-width:0px;border-bottom-width:0px;border-color:#eae9e9;border-top-style:solid;border-bottom-style:solid;'><div class=\"fusion-builder-row fusion-row \"><div  class=\"fusion-layout-column fusion_builder_column fusion_builder_column_1_1 fusion-builder-column-12 fusion-one-full fusion-column-first fusion-column-last fusion-column-no-min-height 1_1\"  style='margin-top:0px;margin-bottom:0px;width:100%'>\n\t\t\t\t\t<div class=\"fusion-column-wrapper\" style=\"padding: 0px 0px 0px 0px;background-position:left top;background-repeat:no-repeat;-webkit-background-size:cover;-moz-background-size:cover;-o-background-size:cover;background-size:cover;\"   data-bg-url=\"\">\n\t\t\t\t\t\t<div class=\"fusion-title title fusion-title-7 fusion-sep-none fusion-title-size-two\" style=\"margin-top:0px;margin-bottom:30px;\"><h2 class=\"title-heading-left\" style=\"margin:0;\">R\u00e9trospectives 2019<\/h2><\/div><div class=\"fusion-clearfix\"><\/div>\n\n\t\t\t\t\t<\/div>\n\t\t\t\t<\/div><div  class=\"fusion-layout-column fusion_builder_column fusion_builder_column_1_1 fusion-builder-column-13 fusion-one-full fusion-column-first fusion-column-last 1_1\"  style='margin-top:0px;margin-bottom:0px;width:100%'>\n\t\t\t\t\t<div class=\"fusion-column-wrapper\" style=\"padding: 0px 0px 0px 0px;background-position:left top;background-repeat:no-repeat;-webkit-background-size:cover;-moz-background-size:cover;-o-background-size:cover;background-size:cover;\"   data-bg-url=\"\">\n\t\t\t\t\t\t<div class=\"fusion-recent-posts fusion-recent-posts-6 avada-container layout-default layout-columns-3\"><section class=\"fusion-columns columns fusion-columns-3 columns-3\"><article class=\"post fusion-column column col col-lg-4 col-md-4 col-sm-4\"><div class=\"fusion-flexslider flexslider flexslider-hover-type-none\"><ul class=\"slides\"><li><a href=\"https:\/\/www.villers-allerand.fr\/site\/un-11-novembre-a-villers-allerand\/\" class=\"hover-type-none\" aria-label=\"Un 11 Novembre \u00e0 Villers-Allerand\"><img loading=\"lazy\" decoding=\"async\" width=\"700\" height=\"441\" src=\"https:\/\/www.villers-allerand.fr\/site\/wp-content\/uploads\/2019\/11\/11112019-FLYER-copie-e1572855199202-700x441.png\" class=\"attachment-recent-posts size-recent-posts\" alt=\"\" srcset=\"https:\/\/www.villers-allerand.fr\/site\/wp-content\/uploads\/2019\/11\/11112019-FLYER-copie-e1572855199202-320x202.png 320w, https:\/\/www.villers-allerand.fr\/site\/wp-content\/uploads\/2019\/11\/11112019-FLYER-copie-e1572855199202-700x441.png 700w\" sizes=\"auto, (max-width: 700px) 100vw, 700px\" \/><\/a><\/li><\/ul><\/div><div class=\"recent-posts-content\"><span class=\"vcard\" style=\"display: none;\"><span class=\"fn\"><a href=\"https:\/\/www.villers-allerand.fr\/site\/author\/webmaster\/\" title=\"Articles par webmaster\" rel=\"author\">webmaster<\/a><\/span><\/span><span class=\"updated\" style=\"display:none;\">2019-11-30T08:22:59+01:00<\/span><h4 class=\"entry-title\"><a href=\"https:\/\/www.villers-allerand.fr\/site\/un-11-novembre-a-villers-allerand\/\">Un 11 Novembre \u00e0 Villers-Allerand<\/a><\/h4><p class=\"meta\"><span class=\"vcard\" style=\"display: none;\"><span class=\"fn\"><a href=\"https:\/\/www.villers-allerand.fr\/site\/author\/webmaster\/\" title=\"Articles par webmaster\" rel=\"author\">webmaster<\/a><\/span><\/span><span class=\"updated\" style=\"display:none;\">2019-11-30T08:22:59+01:00<\/span><span>15 novembre 2019<\/span><span class=\"fusion-inline-sep\">|<\/span><span class=\"fusion-comments\"><span>Commentaires ferm\u00e9s<span class=\"screen-reader-text\"> sur Un 11 Novembre \u00e0 Villers-Allerand<\/span><\/span><\/span><\/p><p>Beaucoup d'habitants ont r\u00e9pondu pr\u00e9sents ce lundi 11 novembre 2019 devant le monument aux morts de Villers-Allerand Montchenot \u00e0 l'appel au souvenir. La c\u00e9r\u00e9monie a d\u00e9but\u00e9 par un discours de notre d\u00e9put\u00e9 Eric Girardin, et [...]<\/p><\/div><\/article><article class=\"post fusion-column column col col-lg-4 col-md-4 col-sm-4\"><div class=\"fusion-flexslider flexslider flexslider-hover-type-none\"><ul class=\"slides\"><li><a href=\"https:\/\/www.villers-allerand.fr\/site\/retour-sur-villages-et-coteaux-propres-2019\/\" class=\"hover-type-none\" aria-label=\"Retour sur&#8230;.Villages et C\u00f4teaux propres 2019\"><img loading=\"lazy\" decoding=\"async\" width=\"700\" height=\"441\" src=\"https:\/\/www.villers-allerand.fr\/site\/wp-content\/uploads\/2019\/09\/AfficheA3_CoteauxPropres_2019_sans-fond-700x441.jpg\" class=\"attachment-recent-posts size-recent-posts\" alt=\"\" srcset=\"https:\/\/www.villers-allerand.fr\/site\/wp-content\/uploads\/2019\/09\/AfficheA3_CoteauxPropres_2019_sans-fond-320x202.jpg 320w, https:\/\/www.villers-allerand.fr\/site\/wp-content\/uploads\/2019\/09\/AfficheA3_CoteauxPropres_2019_sans-fond-700x441.jpg 700w\" sizes=\"auto, (max-width: 700px) 100vw, 700px\" \/><\/a><\/li><\/ul><\/div><div class=\"recent-posts-content\"><span class=\"vcard\" style=\"display: none;\"><span class=\"fn\"><a href=\"https:\/\/www.villers-allerand.fr\/site\/author\/webmaster\/\" title=\"Articles par webmaster\" rel=\"author\">webmaster<\/a><\/span><\/span><span class=\"updated\" style=\"display:none;\">2019-10-25T09:03:24+02:00<\/span><h4 class=\"entry-title\"><a href=\"https:\/\/www.villers-allerand.fr\/site\/retour-sur-villages-et-coteaux-propres-2019\/\">Retour sur&#8230;.Villages et C\u00f4teaux propres 2019<\/a><\/h4><p class=\"meta\"><span class=\"vcard\" style=\"display: none;\"><span class=\"fn\"><a href=\"https:\/\/www.villers-allerand.fr\/site\/author\/webmaster\/\" title=\"Articles par webmaster\" rel=\"author\">webmaster<\/a><\/span><\/span><span class=\"updated\" style=\"display:none;\">2019-10-25T09:03:24+02:00<\/span><span>11 octobre 2019<\/span><span class=\"fusion-inline-sep\">|<\/span><span class=\"fusion-comments\"><span>Commentaires ferm\u00e9s<span class=\"screen-reader-text\"> sur Retour sur&#8230;.Villages et C\u00f4teaux propres 2019<\/span><\/span><\/span><\/p><p>Le Samedi 5 octobre 2019, notre commune de Villers-Allerand Montchenot participait pour la premi\u00e8re fois \u00e0 l'op\u00e9ration \"Villages et Coteaux Propres\", journ\u00e9e de nettoyage des coteaux et villages viticoles champenois. L\u2019inscription sur la Liste du [...]<\/p><\/div><\/article><article class=\"post fusion-column column col col-lg-4 col-md-4 col-sm-4\"><div class=\"fusion-flexslider flexslider flexslider-hover-type-none\"><ul class=\"slides\"><li><a href=\"https:\/\/www.villers-allerand.fr\/site\/au-revoir-maitresse\/\" class=\"hover-type-none\" aria-label=\"Au revoir Maitresse\"><img loading=\"lazy\" decoding=\"async\" width=\"300\" height=\"225\" src=\"https:\/\/www.villers-allerand.fr\/site\/wp-content\/uploads\/2019\/07\/retraite-300x225.jpg\" class=\"attachment-recent-posts size-recent-posts\" alt=\"\" srcset=\"https:\/\/www.villers-allerand.fr\/site\/wp-content\/uploads\/2019\/07\/retraite-300x225-200x150.jpg 200w, https:\/\/www.villers-allerand.fr\/site\/wp-content\/uploads\/2019\/07\/retraite-300x225.jpg 300w\" sizes=\"auto, (max-width: 300px) 100vw, 300px\" \/><\/a><\/li><\/ul><\/div><div class=\"recent-posts-content\"><span class=\"vcard\" style=\"display: none;\"><span class=\"fn\"><a href=\"https:\/\/www.villers-allerand.fr\/site\/author\/webmaster\/\" title=\"Articles par webmaster\" rel=\"author\">webmaster<\/a><\/span><\/span><span class=\"updated\" style=\"display:none;\">2019-09-24T09:16:15+02:00<\/span><h4 class=\"entry-title\"><a href=\"https:\/\/www.villers-allerand.fr\/site\/au-revoir-maitresse\/\">Au revoir Maitresse<\/a><\/h4><p class=\"meta\"><span class=\"vcard\" style=\"display: none;\"><span class=\"fn\"><a href=\"https:\/\/www.villers-allerand.fr\/site\/author\/webmaster\/\" title=\"Articles par webmaster\" rel=\"author\">webmaster<\/a><\/span><\/span><span class=\"updated\" style=\"display:none;\">2019-09-24T09:16:15+02:00<\/span><span>8 juillet 2019<\/span><span class=\"fusion-inline-sep\">|<\/span><span class=\"fusion-comments\"><span>Commentaires ferm\u00e9s<span class=\"screen-reader-text\"> sur Au revoir Maitresse<\/span><\/span><\/span><\/p><p>Ce vendredi 5 Juillet 2019, notre enseignante Maryvonne Leclere achevait sa carri\u00e8re d'enseignement dans notre \u00e9cole maternelle Roger Garitan apr\u00e8s 23 ann\u00e9es pass\u00e9es dans notre commune. Elle prend aujourd'hui une retraite bien m\u00e9rit\u00e9e !! Les [...]<\/p><\/div><\/article><article class=\"post fusion-column column col col-lg-4 col-md-4 col-sm-4\"><div class=\"fusion-flexslider flexslider flexslider-hover-type-none\"><ul class=\"slides\"><li><a href=\"https:\/\/www.villers-allerand.fr\/site\/le-tournoi-du-tennis-club-cest-fini\/\" class=\"hover-type-none\" aria-label=\"Le tournoi du Tennis-Club, c&rsquo;est fini !!\"><img loading=\"lazy\" decoding=\"async\" width=\"480\" height=\"300\" src=\"https:\/\/www.villers-allerand.fr\/site\/wp-content\/uploads\/2019\/05\/Web.jpeg\" class=\"attachment-recent-posts size-recent-posts\" alt=\"\" srcset=\"https:\/\/www.villers-allerand.fr\/site\/wp-content\/uploads\/2019\/05\/Web-200x125.jpeg 200w, https:\/\/www.villers-allerand.fr\/site\/wp-content\/uploads\/2019\/05\/Web-300x188.jpeg 300w, https:\/\/www.villers-allerand.fr\/site\/wp-content\/uploads\/2019\/05\/Web-400x250.jpeg 400w, https:\/\/www.villers-allerand.fr\/site\/wp-content\/uploads\/2019\/05\/Web.jpeg 480w\" sizes=\"auto, (max-width: 480px) 100vw, 480px\" \/><\/a><\/li><\/ul><\/div><div class=\"recent-posts-content\"><span class=\"vcard\" style=\"display: none;\"><span class=\"fn\"><a href=\"https:\/\/www.villers-allerand.fr\/site\/author\/webmaster\/\" title=\"Articles par webmaster\" rel=\"author\">webmaster<\/a><\/span><\/span><span class=\"updated\" style=\"display:none;\">2019-07-08T11:16:05+02:00<\/span><h4 class=\"entry-title\"><a href=\"https:\/\/www.villers-allerand.fr\/site\/le-tournoi-du-tennis-club-cest-fini\/\">Le tournoi du Tennis-Club, c&rsquo;est fini !!<\/a><\/h4><p class=\"meta\"><span class=\"vcard\" style=\"display: none;\"><span class=\"fn\"><a href=\"https:\/\/www.villers-allerand.fr\/site\/author\/webmaster\/\" title=\"Articles par webmaster\" rel=\"author\">webmaster<\/a><\/span><\/span><span class=\"updated\" style=\"display:none;\">2019-07-08T11:16:05+02:00<\/span><span>17 juin 2019<\/span><span class=\"fusion-inline-sep\">|<\/span><span class=\"fusion-comments\"><span>Commentaires ferm\u00e9s<span class=\"screen-reader-text\"> sur Le tournoi du Tennis-Club, c&rsquo;est fini !!<\/span><\/span><\/span><\/p><p>Et voil\u00e0, cette fois, \u00e7a y est, avec un peu de retard, l\u2019Open 2019 du Tennis-Club de Villers-Allerand Montchenot est maintenant termin\u00e9.\u00a0 Avec pas moins de 24 participants, et 23 matchs sur 3 jours, Dames [...]<\/p><\/div><\/article><article class=\"post fusion-column column col col-lg-4 col-md-4 col-sm-4\"><div class=\"fusion-flexslider flexslider flexslider-hover-type-none\"><ul class=\"slides\"><li><a href=\"https:\/\/www.villers-allerand.fr\/site\/operation-nettoyons-notre-commune\/\" class=\"hover-type-none\" aria-label=\"Op\u00e9ration \u00ab\u00a0Nettoyons notre commune\u00a0\u00bb : Bilan\"><img loading=\"lazy\" decoding=\"async\" width=\"700\" height=\"441\" src=\"https:\/\/www.villers-allerand.fr\/site\/wp-content\/uploads\/2019\/05\/nettoyage25052019-e1558955239610-700x441.png\" class=\"attachment-recent-posts size-recent-posts\" alt=\"\" srcset=\"https:\/\/www.villers-allerand.fr\/site\/wp-content\/uploads\/2019\/05\/nettoyage25052019-e1558955239610-320x202.png 320w, https:\/\/www.villers-allerand.fr\/site\/wp-content\/uploads\/2019\/05\/nettoyage25052019-e1558955239610-700x441.png 700w\" sizes=\"auto, (max-width: 700px) 100vw, 700px\" \/><\/a><\/li><\/ul><\/div><div class=\"recent-posts-content\"><span class=\"vcard\" style=\"display: none;\"><span class=\"fn\"><a href=\"https:\/\/www.villers-allerand.fr\/site\/author\/webmaster\/\" title=\"Articles par webmaster\" rel=\"author\">webmaster<\/a><\/span><\/span><span class=\"updated\" style=\"display:none;\">2019-07-08T11:17:35+02:00<\/span><h4 class=\"entry-title\"><a href=\"https:\/\/www.villers-allerand.fr\/site\/operation-nettoyons-notre-commune\/\">Op\u00e9ration \u00ab\u00a0Nettoyons notre commune\u00a0\u00bb : Bilan<\/a><\/h4><p class=\"meta\"><span class=\"vcard\" style=\"display: none;\"><span class=\"fn\"><a href=\"https:\/\/www.villers-allerand.fr\/site\/author\/webmaster\/\" title=\"Articles par webmaster\" rel=\"author\">webmaster<\/a><\/span><\/span><span class=\"updated\" style=\"display:none;\">2019-07-08T11:17:35+02:00<\/span><span>27 mai 2019<\/span><span class=\"fusion-inline-sep\">|<\/span><span class=\"fusion-comments\"><span>Commentaires ferm\u00e9s<span class=\"screen-reader-text\"> sur Op\u00e9ration \u00ab\u00a0Nettoyons notre commune\u00a0\u00bb : Bilan<\/span><\/span><\/span><\/p><p> \u00c0 l'occasion de la F\u00eate de la Nature, la municipalit\u00e9 de Villers-Allerand Montchenot a d\u00e9cid\u00e9 de se mobiliser :\u00a0Le Vendredi 24 et le Samedi 25 Mai 2019, 2 actions de nettoyage ont \u00e9t\u00e9 organis\u00e9es, [...]<\/p><\/div><\/article><article class=\"post fusion-column column col col-lg-4 col-md-4 col-sm-4\"><div class=\"fusion-flexslider flexslider flexslider-hover-type-none\"><ul class=\"slides\"><li><a href=\"https:\/\/www.villers-allerand.fr\/site\/ouverture-imminente\/\" class=\"hover-type-none\" aria-label=\"Nouvelle Boulangerie \u00e0 Villers-Allerand Montchenot\"><img loading=\"lazy\" decoding=\"async\" width=\"700\" height=\"441\" src=\"https:\/\/www.villers-allerand.fr\/site\/wp-content\/uploads\/2019\/02\/LOGO-CLIN-2018-700x441.png\" class=\"attachment-recent-posts size-recent-posts\" alt=\"\" srcset=\"https:\/\/www.villers-allerand.fr\/site\/wp-content\/uploads\/2019\/02\/LOGO-CLIN-2018-320x202.png 320w, https:\/\/www.villers-allerand.fr\/site\/wp-content\/uploads\/2019\/02\/LOGO-CLIN-2018-700x441.png 700w\" sizes=\"auto, (max-width: 700px) 100vw, 700px\" \/><\/a><\/li><\/ul><\/div><div class=\"recent-posts-content\"><span class=\"vcard\" style=\"display: none;\"><span class=\"fn\"><a href=\"https:\/\/www.villers-allerand.fr\/site\/author\/webmaster\/\" title=\"Articles par webmaster\" rel=\"author\">webmaster<\/a><\/span><\/span><span class=\"updated\" style=\"display:none;\">2019-09-24T09:11:59+02:00<\/span><h4 class=\"entry-title\"><a href=\"https:\/\/www.villers-allerand.fr\/site\/ouverture-imminente\/\">Nouvelle Boulangerie \u00e0 Villers-Allerand Montchenot<\/a><\/h4><p class=\"meta\"><span class=\"vcard\" style=\"display: none;\"><span class=\"fn\"><a href=\"https:\/\/www.villers-allerand.fr\/site\/author\/webmaster\/\" title=\"Articles par webmaster\" rel=\"author\">webmaster<\/a><\/span><\/span><span class=\"updated\" style=\"display:none;\">2019-09-24T09:11:59+02:00<\/span><span>25 f\u00e9vrier 2019<\/span><span class=\"fusion-inline-sep\">|<\/span><span class=\"fusion-comments\"><span>Commentaires ferm\u00e9s<span class=\"screen-reader-text\"> sur Nouvelle Boulangerie \u00e0 Villers-Allerand Montchenot<\/span><\/span><\/span><\/p><p>Beaucoup de monde depuis ce matin en ce lundi 4 mars 2019 pour l'ouverture de la toute nouvelle boulangerie-p\u00e2tisserie traiteur de Villers-Allerand Montchenot, Joffrey et Manon Clin vous proposent\u00a0leurs pains et p\u00e2tisseries mais aussi \u00a0plats [...]<\/p><\/div><\/article><article class=\"post fusion-column column col col-lg-4 col-md-4 col-sm-4\"><div class=\"fusion-flexslider flexslider flexslider-hover-type-none\"><ul class=\"slides\"><li><a href=\"https:\/\/www.villers-allerand.fr\/site\/meilleurs-voeux-pour-cette-nouvelle-annee\/\" class=\"hover-type-none\" aria-label=\"Meilleurs Voeux pour cette nouvelle ann\u00e9e\"><img loading=\"lazy\" decoding=\"async\" width=\"700\" height=\"441\" src=\"https:\/\/www.villers-allerand.fr\/site\/wp-content\/uploads\/2019\/01\/Voeux2019-700x441.png\" class=\"attachment-recent-posts size-recent-posts\" alt=\"\" srcset=\"https:\/\/www.villers-allerand.fr\/site\/wp-content\/uploads\/2019\/01\/Voeux2019-320x202.png 320w, https:\/\/www.villers-allerand.fr\/site\/wp-content\/uploads\/2019\/01\/Voeux2019-700x441.png 700w\" sizes=\"auto, (max-width: 700px) 100vw, 700px\" \/><\/a><\/li><\/ul><\/div><div class=\"recent-posts-content\"><span class=\"vcard\" style=\"display: none;\"><span class=\"fn\"><a href=\"https:\/\/www.villers-allerand.fr\/site\/author\/webmaster\/\" title=\"Articles par webmaster\" rel=\"author\">webmaster<\/a><\/span><\/span><span class=\"updated\" style=\"display:none;\">2019-03-29T08:19:48+01:00<\/span><h4 class=\"entry-title\"><a href=\"https:\/\/www.villers-allerand.fr\/site\/meilleurs-voeux-pour-cette-nouvelle-annee\/\">Meilleurs Voeux pour cette nouvelle ann\u00e9e<\/a><\/h4><p class=\"meta\"><span class=\"vcard\" style=\"display: none;\"><span class=\"fn\"><a href=\"https:\/\/www.villers-allerand.fr\/site\/author\/webmaster\/\" title=\"Articles par webmaster\" rel=\"author\">webmaster<\/a><\/span><\/span><span class=\"updated\" style=\"display:none;\">2019-03-29T08:19:48+01:00<\/span><span>16 janvier 2019<\/span><span class=\"fusion-inline-sep\">|<\/span><span class=\"fusion-comments\"><span>Commentaires ferm\u00e9s<span class=\"screen-reader-text\"> sur Meilleurs Voeux pour cette nouvelle ann\u00e9e<\/span><\/span><\/span><\/p><p>En ce d\u00e9but d'ann\u00e9e 2019, l'ensemble des membres du Conseil Municipal de Villers-Allerand Montchenot vous pr\u00e9sente leurs meilleurs voeux de sant\u00e9, de bonheur et de r\u00e9ussite. Que 2019 soit riche de bons moments de partage [...]<\/p><\/div><\/article><\/section><\/div><div class=\"fusion-clearfix\"><\/div>\n\n\t\t\t\t\t<\/div>\n\t\t\t\t<\/div><\/div><\/div><div class=\"fusion-fullwidth fullwidth-box hundred-percent-fullwidth non-hundred-percent-height-scrolling\"  style='background-color: #dfdfdf;background-position: left top;background-repeat: no-repeat;padding-top:2%;padding-right:10%;padding-bottom:2%;padding-left:10%;border-top-width:0px;border-bottom-width:0px;border-color:#eae9e9;border-top-style:solid;border-bottom-style:solid;'><div class=\"fusion-builder-row fusion-row \"><div  class=\"fusion-layout-column fusion_builder_column fusion_builder_column_1_1 fusion-builder-column-14 fusion-one-full fusion-column-first fusion-column-last fusion-column-no-min-height 1_1\"  style='margin-top:0px;margin-bottom:0px;width:100%'>\n\t\t\t\t\t<div class=\"fusion-column-wrapper\" style=\"padding: 0px 0px 0px 0px;background-position:left top;background-repeat:no-repeat;-webkit-background-size:cover;-moz-background-size:cover;-o-background-size:cover;background-size:cover;\"   data-bg-url=\"\">\n\t\t\t\t\t\t<div class=\"fusion-title title fusion-title-8 fusion-sep-none fusion-title-size-two\" style=\"margin-top:0px;margin-bottom:30px;\"><h2 class=\"title-heading-left\" style=\"margin:0;\">R\u00e9trospectives 2018<\/h2><\/div><div class=\"fusion-clearfix\"><\/div>\n\n\t\t\t\t\t<\/div>\n\t\t\t\t<\/div><div  class=\"fusion-layout-column fusion_builder_column fusion_builder_column_1_1 fusion-builder-column-15 fusion-one-full fusion-column-first fusion-column-last 1_1\"  style='margin-top:0px;margin-bottom:0px;width:100%'>\n\t\t\t\t\t<div class=\"fusion-column-wrapper\" style=\"padding: 0px 0px 0px 0px;background-position:left top;background-repeat:no-repeat;-webkit-background-size:cover;-moz-background-size:cover;-o-background-size:cover;background-size:cover;\"   data-bg-url=\"\">\n\t\t\t\t\t\t<div class=\"fusion-recent-posts fusion-recent-posts-7 avada-container layout-default layout-columns-3\"><section class=\"fusion-columns columns fusion-columns-3 columns-3\"><article class=\"post fusion-column column col col-lg-4 col-md-4 col-sm-4\"><div class=\"fusion-flexslider flexslider flexslider-hover-type-none\"><ul class=\"slides\"><li><a href=\"https:\/\/www.villers-allerand.fr\/site\/11-novembre-2018-un-devoir-de-memoire-essentiel\/\" class=\"hover-type-none\" aria-label=\"11 Novembre 2018 &#8211; Un devoir de m\u00e9moire essentiel\"><img loading=\"lazy\" decoding=\"async\" width=\"700\" height=\"441\" src=\"https:\/\/www.villers-allerand.fr\/site\/wp-content\/uploads\/2018\/11\/IMG_3984-e1542101853229-700x441.jpg\" class=\"attachment-recent-posts size-recent-posts\" alt=\"\" srcset=\"https:\/\/www.villers-allerand.fr\/site\/wp-content\/uploads\/2018\/11\/IMG_3984-e1542101853229-320x202.jpg 320w, https:\/\/www.villers-allerand.fr\/site\/wp-content\/uploads\/2018\/11\/IMG_3984-e1542101853229-700x441.jpg 700w\" sizes=\"auto, (max-width: 700px) 100vw, 700px\" \/><\/a><\/li><\/ul><\/div><div class=\"recent-posts-content\"><span class=\"vcard\" style=\"display: none;\"><span class=\"fn\"><a href=\"https:\/\/www.villers-allerand.fr\/site\/author\/webmaster\/\" title=\"Articles par webmaster\" rel=\"author\">webmaster<\/a><\/span><\/span><span class=\"updated\" style=\"display:none;\">2018-11-23T09:55:21+01:00<\/span><h4 class=\"entry-title\"><a href=\"https:\/\/www.villers-allerand.fr\/site\/11-novembre-2018-un-devoir-de-memoire-essentiel\/\">11 Novembre 2018 &#8211; Un devoir de m\u00e9moire essentiel<\/a><\/h4><p class=\"meta\"><span class=\"vcard\" style=\"display: none;\"><span class=\"fn\"><a href=\"https:\/\/www.villers-allerand.fr\/site\/author\/webmaster\/\" title=\"Articles par webmaster\" rel=\"author\">webmaster<\/a><\/span><\/span><span class=\"updated\" style=\"display:none;\">2018-11-23T09:55:21+01:00<\/span><span>13 novembre 2018<\/span><span class=\"fusion-inline-sep\">|<\/span><span class=\"fusion-comments\"><span>Commentaires ferm\u00e9s<span class=\"screen-reader-text\"> sur 11 Novembre 2018 &#8211; Un devoir de m\u00e9moire essentiel<\/span><\/span><\/span><\/p><p>Dimanche 11 novembre 2018, comme depuis des dizaines d'ann\u00e9es, les habitants de Villers-Allerand Montchenot \u00e9taient invit\u00e9s \u00e0 se rassembler devant le Monument aux Morts \u00e0 11h. Un centenaire cette fois. 1918-2018, 100 ann\u00e9es \u00e9coul\u00e9es depuis [...]<\/p><\/div><\/article><article class=\"post fusion-column column col col-lg-4 col-md-4 col-sm-4\"><div class=\"fusion-flexslider flexslider flexslider-hover-type-none\"><ul class=\"slides\"><li><a href=\"https:\/\/www.villers-allerand.fr\/site\/halloween-3\/\" class=\"hover-type-none\" aria-label=\"Halloween\"><img loading=\"lazy\" decoding=\"async\" width=\"700\" height=\"441\" src=\"https:\/\/www.villers-allerand.fr\/site\/wp-content\/uploads\/2018\/10\/halloween-citrouilles-e1540531850518-700x441.jpg\" class=\"attachment-recent-posts size-recent-posts\" alt=\"\" srcset=\"https:\/\/www.villers-allerand.fr\/site\/wp-content\/uploads\/2018\/10\/halloween-citrouilles-e1540531850518-320x202.jpg 320w, https:\/\/www.villers-allerand.fr\/site\/wp-content\/uploads\/2018\/10\/halloween-citrouilles-e1540531850518-700x441.jpg 700w\" sizes=\"auto, (max-width: 700px) 100vw, 700px\" \/><\/a><\/li><\/ul><\/div><div class=\"recent-posts-content\"><span class=\"vcard\" style=\"display: none;\"><span class=\"fn\"><a href=\"https:\/\/www.villers-allerand.fr\/site\/author\/webmaster\/\" title=\"Articles par webmaster\" rel=\"author\">webmaster<\/a><\/span><\/span><span class=\"updated\" style=\"display:none;\">2018-11-08T09:25:35+01:00<\/span><h4 class=\"entry-title\"><a href=\"https:\/\/www.villers-allerand.fr\/site\/halloween-3\/\">Halloween<\/a><\/h4><p class=\"meta\"><span class=\"vcard\" style=\"display: none;\"><span class=\"fn\"><a href=\"https:\/\/www.villers-allerand.fr\/site\/author\/webmaster\/\" title=\"Articles par webmaster\" rel=\"author\">webmaster<\/a><\/span><\/span><span class=\"updated\" style=\"display:none;\">2018-11-08T09:25:35+01:00<\/span><span>8 novembre 2018<\/span><span class=\"fusion-inline-sep\">|<\/span><span class=\"fusion-comments\"><span>Commentaires ferm\u00e9s<span class=\"screen-reader-text\"> sur Halloween<\/span><\/span><\/span><\/p><p>\u00c0 l'initiative de La R\u00e9cr\u00e9, plus de 60 cr\u00e9atures plus effrayantes les unes que les autres ont hant\u00e9 les rues du village \u00e0 la nuit tomb\u00e9e, \u00e0 la recherche de bonbons et autres friandises. Auparavant, [...]<\/p><\/div><\/article><article class=\"post fusion-column column col col-lg-4 col-md-4 col-sm-4\"><div class=\"recent-posts-content\"><span class=\"vcard\" style=\"display: none;\"><span class=\"fn\"><a href=\"https:\/\/www.villers-allerand.fr\/site\/author\/webmaster\/\" title=\"Articles par webmaster\" rel=\"author\">webmaster<\/a><\/span><\/span><span class=\"updated\" style=\"display:none;\">2018-08-15T17:06:04+02:00<\/span><h4 class=\"entry-title\"><a href=\"https:\/\/www.villers-allerand.fr\/site\/pique-nique-de-villers-dimanche-1er-juillet-2018\/\">Retour sur&#8230;.Le Pique-Nique de Villers &#8211; Dimanche 1er Juillet 2018 &#8211;<\/a><\/h4><p class=\"meta\"><span class=\"vcard\" style=\"display: none;\"><span class=\"fn\"><a href=\"https:\/\/www.villers-allerand.fr\/site\/author\/webmaster\/\" title=\"Articles par webmaster\" rel=\"author\">webmaster<\/a><\/span><\/span><span class=\"updated\" style=\"display:none;\">2018-08-15T17:06:04+02:00<\/span><span>25 juin 2018<\/span><span class=\"fusion-inline-sep\">|<\/span><span class=\"fusion-comments\"><span>Commentaires ferm\u00e9s<span class=\"screen-reader-text\"> sur Retour sur&#8230;.Le Pique-Nique de Villers &#8211; Dimanche 1er Juillet 2018 &#8211;<\/span><\/span><\/span><\/p><p>Dimanche 1er Juillet 2018, 1\u00e8re \u00e9dition des \"Pic-Nic de Villers\" organis\u00e9e par l'association La R\u00e9cr\u00e9, Le rendez-vous \u00e9tait donn\u00e9 \u00e0 midi, et petit \u00e0 petit, petits et grands sont arriv\u00e9s pour partager l'ap\u00e9ritif offert par [...]<\/p><\/div><\/article><article class=\"post fusion-column column col col-lg-4 col-md-4 col-sm-4\"><div class=\"fusion-flexslider flexslider flexslider-hover-type-none\"><ul class=\"slides\"><li><a href=\"https:\/\/www.villers-allerand.fr\/site\/course-couples-2018\/\" class=\"hover-type-none\" aria-label=\"Retour sur&#8230;. La Course des Couples 2018\"><img loading=\"lazy\" decoding=\"async\" width=\"700\" height=\"441\" src=\"https:\/\/www.villers-allerand.fr\/site\/wp-content\/uploads\/2017\/11\/CAVAM3-700x441.png\" class=\"attachment-recent-posts size-recent-posts\" alt=\"\" srcset=\"https:\/\/www.villers-allerand.fr\/site\/wp-content\/uploads\/2017\/11\/CAVAM3-320x202.png 320w, https:\/\/www.villers-allerand.fr\/site\/wp-content\/uploads\/2017\/11\/CAVAM3-700x441.png 700w\" sizes=\"auto, (max-width: 700px) 100vw, 700px\" \/><\/a><\/li><\/ul><\/div><div class=\"recent-posts-content\"><span class=\"vcard\" style=\"display: none;\"><span class=\"fn\"><a href=\"https:\/\/www.villers-allerand.fr\/site\/author\/webmaster\/\" title=\"Articles par webmaster\" rel=\"author\">webmaster<\/a><\/span><\/span><span class=\"updated\" style=\"display:none;\">2018-07-20T17:12:49+02:00<\/span><h4 class=\"entry-title\"><a href=\"https:\/\/www.villers-allerand.fr\/site\/course-couples-2018\/\">Retour sur&#8230;. La Course des Couples 2018<\/a><\/h4><p class=\"meta\"><span class=\"vcard\" style=\"display: none;\"><span class=\"fn\"><a href=\"https:\/\/www.villers-allerand.fr\/site\/author\/webmaster\/\" title=\"Articles par webmaster\" rel=\"author\">webmaster<\/a><\/span><\/span><span class=\"updated\" style=\"display:none;\">2018-07-20T17:12:49+02:00<\/span><span>19 juin 2018<\/span><span class=\"fusion-inline-sep\">|<\/span><span class=\"fusion-comments\"><span>Commentaires ferm\u00e9s<span class=\"screen-reader-text\"> sur Retour sur&#8230;. La Course des Couples 2018<\/span><\/span><\/span><\/p><p>Encore une belle \u00e9dition de la course par couple en ce samedi 23 Juin 2018 !! 220 participants ont franchi en couple la ligne d'arriv\u00e9e, Couples form\u00e9s pour l'occasion, l\u00e9gitimes ou non, amis, d\u00e9guis\u00e9s....toujours avec [...]<\/p><\/div><\/article><article class=\"post fusion-column column col col-lg-4 col-md-4 col-sm-4\"><div class=\"fusion-flexslider flexslider flexslider-hover-type-none\"><ul class=\"slides\"><li><a href=\"https:\/\/www.villers-allerand.fr\/site\/retour-samedi-2-juin-2018\/\" class=\"hover-type-none\" aria-label=\"Retour sur&#8230;.un samedi 2 Juin 2018\"><img loading=\"lazy\" decoding=\"async\" width=\"700\" height=\"441\" src=\"https:\/\/www.villers-allerand.fr\/site\/wp-content\/uploads\/2018\/04\/F\u00eatedesbeauxjours-e1524810723199-700x441.png\" class=\"attachment-recent-posts size-recent-posts\" alt=\"\" srcset=\"https:\/\/www.villers-allerand.fr\/site\/wp-content\/uploads\/2018\/04\/F\u00eatedesbeauxjours-e1524810723199-320x202.png 320w, https:\/\/www.villers-allerand.fr\/site\/wp-content\/uploads\/2018\/04\/F\u00eatedesbeauxjours-e1524810723199-700x441.png 700w\" sizes=\"auto, (max-width: 700px) 100vw, 700px\" \/><\/a><\/li><\/ul><\/div><div class=\"recent-posts-content\"><span class=\"vcard\" style=\"display: none;\"><span class=\"fn\"><a href=\"https:\/\/www.villers-allerand.fr\/site\/author\/webmaster\/\" title=\"Articles par webmaster\" rel=\"author\">webmaster<\/a><\/span><\/span><span class=\"updated\" style=\"display:none;\">2018-08-02T07:11:46+02:00<\/span><h4 class=\"entry-title\"><a href=\"https:\/\/www.villers-allerand.fr\/site\/retour-samedi-2-juin-2018\/\">Retour sur&#8230;.un samedi 2 Juin 2018<\/a><\/h4><p class=\"meta\"><span class=\"vcard\" style=\"display: none;\"><span class=\"fn\"><a href=\"https:\/\/www.villers-allerand.fr\/site\/author\/webmaster\/\" title=\"Articles par webmaster\" rel=\"author\">webmaster<\/a><\/span><\/span><span class=\"updated\" style=\"display:none;\">2018-08-02T07:11:46+02:00<\/span><span>15 juin 2018<\/span><span class=\"fusion-inline-sep\">|<\/span><span class=\"fusion-comments\"><span>Commentaires ferm\u00e9s<span class=\"screen-reader-text\"> sur Retour sur&#8230;.un samedi 2 Juin 2018<\/span><\/span><\/span><\/p><p>Apr\u00e8s une 1\u00e8re \u00e9dition le 1er Juillet 2017, le rendez-vous \u00e9tait pris... le samedi 2 Juin 2018 serait la date de ce nouveau moment de rencontre entre habitants, sous le signe des beaux jours et [...]<\/p><\/div><\/article><article class=\"post fusion-column column col col-lg-4 col-md-4 col-sm-4\"><div class=\"fusion-flexslider flexslider flexslider-hover-type-none\"><ul class=\"slides\"><li><a href=\"https:\/\/www.villers-allerand.fr\/site\/participation-citoyenne-2\/\" class=\"hover-type-none\" aria-label=\"Participation citoyenne\"><img loading=\"lazy\" decoding=\"async\" width=\"622\" height=\"439\" src=\"https:\/\/www.villers-allerand.fr\/site\/wp-content\/uploads\/2017\/06\/PARTICPATION-C..png\" class=\"attachment-recent-posts size-recent-posts\" alt=\"\" srcset=\"https:\/\/www.villers-allerand.fr\/site\/wp-content\/uploads\/2017\/06\/PARTICPATION-C.-200x141.png 200w, https:\/\/www.villers-allerand.fr\/site\/wp-content\/uploads\/2017\/06\/PARTICPATION-C.-300x212.png 300w, https:\/\/www.villers-allerand.fr\/site\/wp-content\/uploads\/2017\/06\/PARTICPATION-C.-400x282.png 400w, https:\/\/www.villers-allerand.fr\/site\/wp-content\/uploads\/2017\/06\/PARTICPATION-C.-600x423.png 600w, https:\/\/www.villers-allerand.fr\/site\/wp-content\/uploads\/2017\/06\/PARTICPATION-C..png 622w\" sizes=\"auto, (max-width: 622px) 100vw, 622px\" \/><\/a><\/li><\/ul><\/div><div class=\"recent-posts-content\"><span class=\"vcard\" style=\"display: none;\"><span class=\"fn\"><a href=\"https:\/\/www.villers-allerand.fr\/site\/author\/webmaster\/\" title=\"Articles par webmaster\" rel=\"author\">webmaster<\/a><\/span><\/span><span class=\"updated\" style=\"display:none;\">2018-05-31T10:18:07+02:00<\/span><h4 class=\"entry-title\"><a href=\"https:\/\/www.villers-allerand.fr\/site\/participation-citoyenne-2\/\">Participation citoyenne<\/a><\/h4><p class=\"meta\"><span class=\"vcard\" style=\"display: none;\"><span class=\"fn\"><a href=\"https:\/\/www.villers-allerand.fr\/site\/author\/webmaster\/\" title=\"Articles par webmaster\" rel=\"author\">webmaster<\/a><\/span><\/span><span class=\"updated\" style=\"display:none;\">2018-05-31T10:18:07+02:00<\/span><span>25 mai 2018<\/span><span class=\"fusion-inline-sep\">|<\/span><span class=\"fusion-comments\"><span>Commentaires ferm\u00e9s<span class=\"screen-reader-text\"> sur Participation citoyenne<\/span><\/span><\/span><\/p><p>Mardi 22 Mai 2018 \u00e0 16h, le protocole de participation citoyenne a \u00e9t\u00e9 sign\u00e9 par Monsieur le Maire de villers-Allerand Montchenot Wily Dubos, la sous-pr\u00e9f\u00e8te de l'arrondissement de Reims Madame Hatsch, et le colonel de [...]<\/p><\/div><\/article><article class=\"post fusion-column column col col-lg-4 col-md-4 col-sm-4\"><div class=\"recent-posts-content\"><span class=\"vcard\" style=\"display: none;\"><span class=\"fn\"><a href=\"https:\/\/www.villers-allerand.fr\/site\/author\/webmaster\/\" title=\"Articles par webmaster\" rel=\"author\">webmaster<\/a><\/span><\/span><span class=\"updated\" style=\"display:none;\">2018-05-30T09:59:24+02:00<\/span><h4 class=\"entry-title\"><a href=\"https:\/\/www.villers-allerand.fr\/site\/retour-randonnee-de-pentecote-cavam\/\">Retour sur&#8230;la randonn\u00e9e de la Pentec\u00f4te du CAVAM<\/a><\/h4><p class=\"meta\"><span class=\"vcard\" style=\"display: none;\"><span class=\"fn\"><a href=\"https:\/\/www.villers-allerand.fr\/site\/author\/webmaster\/\" title=\"Articles par webmaster\" rel=\"author\">webmaster<\/a><\/span><\/span><span class=\"updated\" style=\"display:none;\">2018-05-30T09:59:24+02:00<\/span><span>25 mai 2018<\/span><span class=\"fusion-inline-sep\">|<\/span><span class=\"fusion-comments\"><span>Commentaires ferm\u00e9s<span class=\"screen-reader-text\"> sur Retour sur&#8230;la randonn\u00e9e de la Pentec\u00f4te du CAVAM<\/span><\/span><\/span><\/p><p>Organis\u00e9e par le CAVAM, lundi 21 mai 2018, ce sont plus de 370 marcheurs de tout \u00e2ge qui ont parcouru les chemins de Villers-Allerand Montchenot, \u00e0 travers les vignes, la for\u00eat.... Les points de ravitaillement [...]<\/p><\/div><\/article><article class=\"post fusion-column column col col-lg-4 col-md-4 col-sm-4\"><div class=\"fusion-flexslider flexslider flexslider-hover-type-none\"><ul class=\"slides\"><li><a href=\"https:\/\/www.villers-allerand.fr\/site\/papilles-paillettes-kbaret-aines-de-villers-allerand-montchenot\/\" class=\"hover-type-none\" aria-label=\"Papilles et Paillettes au Kbaret pour les ain\u00e9s de Villers-Allerand Montchenot\"><img loading=\"lazy\" decoding=\"async\" width=\"700\" height=\"441\" src=\"https:\/\/www.villers-allerand.fr\/site\/wp-content\/uploads\/2017\/04\/vielocale-700x441.png\" class=\"attachment-recent-posts size-recent-posts\" alt=\"\" srcset=\"https:\/\/www.villers-allerand.fr\/site\/wp-content\/uploads\/2017\/04\/vielocale-320x202.png 320w, https:\/\/www.villers-allerand.fr\/site\/wp-content\/uploads\/2017\/04\/vielocale-700x441.png 700w\" sizes=\"auto, (max-width: 700px) 100vw, 700px\" \/><\/a><\/li><\/ul><\/div><div class=\"recent-posts-content\"><span class=\"vcard\" style=\"display: none;\"><span class=\"fn\"><a href=\"https:\/\/www.villers-allerand.fr\/site\/author\/webmaster\/\" title=\"Articles par webmaster\" rel=\"author\">webmaster<\/a><\/span><\/span><span class=\"updated\" style=\"display:none;\">2018-04-20T10:06:48+02:00<\/span><h4 class=\"entry-title\"><a href=\"https:\/\/www.villers-allerand.fr\/site\/papilles-paillettes-kbaret-aines-de-villers-allerand-montchenot\/\">Papilles et Paillettes au Kbaret pour les ain\u00e9s de Villers-Allerand Montchenot<\/a><\/h4><p class=\"meta\"><span class=\"vcard\" style=\"display: none;\"><span class=\"fn\"><a href=\"https:\/\/www.villers-allerand.fr\/site\/author\/webmaster\/\" title=\"Articles par webmaster\" rel=\"author\">webmaster<\/a><\/span><\/span><span class=\"updated\" style=\"display:none;\">2018-04-20T10:06:48+02:00<\/span><span>20 mars 2018<\/span><span class=\"fusion-inline-sep\">|<\/span><span class=\"fusion-comments\"><span>Commentaires ferm\u00e9s<span class=\"screen-reader-text\"> sur Papilles et Paillettes au Kbaret pour les ain\u00e9s de Villers-Allerand Montchenot<\/span><\/span><\/span><\/p><p>Ce dimanche 18 mars 2018, d\u00e9part programm\u00e9 au Kbaret de Tinqueux,\u00a0 pour oublier la neige, et la grisaille qui nous entouraient. 40 ain\u00e9s \u00a0de Villers-Allerand Montchenot ont pris le bus pour partager un moment convivial,\u00a0 [...]<\/p><\/div><\/article><article class=\"post fusion-column column col col-lg-4 col-md-4 col-sm-4\"><div class=\"fusion-flexslider flexslider flexslider-hover-type-none\"><ul class=\"slides\"><li><a href=\"https:\/\/www.villers-allerand.fr\/site\/neige-apparition-a-villers-allerand-montchenot\/\" class=\"hover-type-none\" aria-label=\"La neige fait son apparition  \u00e0 Villers-Allerand Montchenot\"><img loading=\"lazy\" decoding=\"async\" width=\"700\" height=\"441\" src=\"https:\/\/www.villers-allerand.fr\/site\/wp-content\/uploads\/2018\/02\/IMG_6592-1-700x441.jpg\" class=\"attachment-recent-posts size-recent-posts\" alt=\"\" srcset=\"https:\/\/www.villers-allerand.fr\/site\/wp-content\/uploads\/2018\/02\/IMG_6592-1-320x202.jpg 320w, https:\/\/www.villers-allerand.fr\/site\/wp-content\/uploads\/2018\/02\/IMG_6592-1-700x441.jpg 700w\" sizes=\"auto, (max-width: 700px) 100vw, 700px\" \/><\/a><\/li><\/ul><\/div><div class=\"recent-posts-content\"><span class=\"vcard\" style=\"display: none;\"><span class=\"fn\"><a href=\"https:\/\/www.villers-allerand.fr\/site\/author\/webmaster\/\" title=\"Articles par webmaster\" rel=\"author\">webmaster<\/a><\/span><\/span><span class=\"updated\" style=\"display:none;\">2018-05-22T17:22:59+02:00<\/span><h4 class=\"entry-title\"><a href=\"https:\/\/www.villers-allerand.fr\/site\/neige-apparition-a-villers-allerand-montchenot\/\">La neige fait son apparition  \u00e0 Villers-Allerand Montchenot<\/a><\/h4><p class=\"meta\"><span class=\"vcard\" style=\"display: none;\"><span class=\"fn\"><a href=\"https:\/\/www.villers-allerand.fr\/site\/author\/webmaster\/\" title=\"Articles par webmaster\" rel=\"author\">webmaster<\/a><\/span><\/span><span class=\"updated\" style=\"display:none;\">2018-05-22T17:22:59+02:00<\/span><span>14 f\u00e9vrier 2018<\/span><span class=\"fusion-inline-sep\">|<\/span><span class=\"fusion-comments\"><span>Commentaires ferm\u00e9s<span class=\"screen-reader-text\"> sur La neige fait son apparition  \u00e0 Villers-Allerand Montchenot<\/span><\/span><\/span><\/p><p>Ce mercredi 7 f\u00e9vrier 2018, Villers-Allerand Montchenot a pris ses quartiers d'hiver...Un d\u00e9cor splendide immortalis\u00e9 par les habitants... Merci \u00e0 Mr Graftieaux, Messieurs Laroche, Mme Matthieu-Th\u00e9paut, Mme Beaurain, Mme Geraut et Mme Courteix pour le [...]<\/p><\/div><\/article><article class=\"post fusion-column column col col-lg-4 col-md-4 col-sm-4\"><div class=\"fusion-flexslider flexslider flexslider-hover-type-none\"><ul class=\"slides\"><li><a href=\"https:\/\/www.villers-allerand.fr\/site\/meilleurs-voeux-2\/\" class=\"hover-type-none\" aria-label=\"Meilleurs Voeux pour 2018\"><img loading=\"lazy\" decoding=\"async\" width=\"700\" height=\"441\" src=\"https:\/\/www.villers-allerand.fr\/site\/wp-content\/uploads\/2018\/01\/logo2018-700x441.png\" class=\"attachment-recent-posts size-recent-posts\" alt=\"\" srcset=\"https:\/\/www.villers-allerand.fr\/site\/wp-content\/uploads\/2018\/01\/logo2018-320x202.png 320w, https:\/\/www.villers-allerand.fr\/site\/wp-content\/uploads\/2018\/01\/logo2018-700x441.png 700w\" sizes=\"auto, (max-width: 700px) 100vw, 700px\" \/><\/a><\/li><\/ul><\/div><div class=\"recent-posts-content\"><span class=\"vcard\" style=\"display: none;\"><span class=\"fn\"><a href=\"https:\/\/www.villers-allerand.fr\/site\/author\/webmaster\/\" title=\"Articles par webmaster\" rel=\"author\">webmaster<\/a><\/span><\/span><span class=\"updated\" style=\"display:none;\">2018-08-02T07:15:44+02:00<\/span><h4 class=\"entry-title\"><a href=\"https:\/\/www.villers-allerand.fr\/site\/meilleurs-voeux-2\/\">Meilleurs Voeux pour 2018<\/a><\/h4><p class=\"meta\"><span class=\"vcard\" style=\"display: none;\"><span class=\"fn\"><a href=\"https:\/\/www.villers-allerand.fr\/site\/author\/webmaster\/\" title=\"Articles par webmaster\" rel=\"author\">webmaster<\/a><\/span><\/span><span class=\"updated\" style=\"display:none;\">2018-08-02T07:15:44+02:00<\/span><span>8 janvier 2018<\/span><span class=\"fusion-inline-sep\">|<\/span><span class=\"fusion-comments\"><span>Commentaires ferm\u00e9s<span class=\"screen-reader-text\"> sur Meilleurs Voeux pour 2018<\/span><\/span><\/span><\/p><p>&nbsp; Retrouvez ci dessous l'int\u00e9gralit\u00e9 du discours prononc\u00e9 par Monsieur le Maire de Villers-Allerand Montchenot, Wily Dubos lors de sa pr\u00e9sentation des voeux Vendredi 12 Janvier 2018 VOEUX 2018 &nbsp;<\/p><\/div><\/article><\/section><\/div><div class=\"fusion-clearfix\"><\/div>\n\n\t\t\t\t\t<\/div>\n\t\t\t\t<\/div><\/div><\/div><div class=\"fusion-fullwidth fullwidth-box hundred-percent-fullwidth non-hundred-percent-height-scrolling\"  style='background-color: #dfdfdf;background-position: left top;background-repeat: no-repeat;padding-top:2%;padding-right:10%;padding-bottom:2%;padding-left:10%;border-top-width:0px;border-bottom-width:0px;border-color:#eae9e9;border-top-style:solid;border-bottom-style:solid;'><div class=\"fusion-builder-row fusion-row \"><div  class=\"fusion-layout-column fusion_builder_column fusion_builder_column_1_1 fusion-builder-column-16 fusion-one-full fusion-column-first fusion-column-last fusion-column-no-min-height 1_1\"  style='margin-top:0px;margin-bottom:0px;width:100%'>\n\t\t\t\t\t<div class=\"fusion-column-wrapper\" style=\"padding: 0px 0px 0px 0px;background-position:left top;background-repeat:no-repeat;-webkit-background-size:cover;-moz-background-size:cover;-o-background-size:cover;background-size:cover;\"   data-bg-url=\"\">\n\t\t\t\t\t\t<div class=\"fusion-title title fusion-title-9 fusion-sep-none fusion-title-size-two\" style=\"margin-top:0px;margin-bottom:30px;\"><h2 class=\"title-heading-left\" style=\"margin:0;\">R\u00e9trospectives 2017<\/h2><\/div><div class=\"fusion-clearfix\"><\/div>\n\n\t\t\t\t\t<\/div>\n\t\t\t\t<\/div><div  class=\"fusion-layout-column fusion_builder_column fusion_builder_column_1_1 fusion-builder-column-17 fusion-one-full fusion-column-first fusion-column-last 1_1\"  style='margin-top:0px;margin-bottom:0px;width:100%'>\n\t\t\t\t\t<div class=\"fusion-column-wrapper\" style=\"padding: 0px 0px 0px 0px;background-position:left top;background-repeat:no-repeat;-webkit-background-size:cover;-moz-background-size:cover;-o-background-size:cover;background-size:cover;\"   data-bg-url=\"\">\n\t\t\t\t\t\t<div class=\"fusion-recent-posts fusion-recent-posts-8 avada-container layout-default layout-columns-3\"><section class=\"fusion-columns columns fusion-columns-3 columns-3\"><article class=\"post fusion-column column col col-lg-4 col-md-4 col-sm-4\"><div class=\"fusion-flexslider flexslider flexslider-hover-type-none\"><ul class=\"slides\"><li><a href=\"https:\/\/www.villers-allerand.fr\/site\/vide-grenier\/\" class=\"hover-type-none\" aria-label=\"Vide-Grenier\"><img loading=\"lazy\" decoding=\"async\" width=\"700\" height=\"441\" src=\"https:\/\/www.villers-allerand.fr\/site\/wp-content\/uploads\/2026\/04\/image0-e1777392747304-700x441.jpeg\" class=\"attachment-recent-posts size-recent-posts\" alt=\"vide grenier\" srcset=\"https:\/\/www.villers-allerand.fr\/site\/wp-content\/uploads\/2026\/04\/image0-e1777392747304-320x202.jpeg 320w, https:\/\/www.villers-allerand.fr\/site\/wp-content\/uploads\/2026\/04\/image0-e1777392747304-700x441.jpeg 700w\" sizes=\"auto, (max-width: 700px) 100vw, 700px\" \/><\/a><\/li><\/ul><\/div><div class=\"recent-posts-content\"><span class=\"vcard\" style=\"display: none;\"><span class=\"fn\"><a href=\"https:\/\/www.villers-allerand.fr\/site\/author\/webmaster\/\" title=\"Articles par webmaster\" rel=\"author\">webmaster<\/a><\/span><\/span><span class=\"updated\" style=\"display:none;\">2026-04-28T18:12:37+02:00<\/span><h4 class=\"entry-title\"><a href=\"https:\/\/www.villers-allerand.fr\/site\/vide-grenier\/\">Vide-Grenier<\/a><\/h4><p class=\"meta\"><span class=\"vcard\" style=\"display: none;\"><span class=\"fn\"><a href=\"https:\/\/www.villers-allerand.fr\/site\/author\/webmaster\/\" title=\"Articles par webmaster\" rel=\"author\">webmaster<\/a><\/span><\/span><span class=\"updated\" style=\"display:none;\">2026-04-28T18:12:37+02:00<\/span><span>28 avril 2026<\/span><span class=\"fusion-inline-sep\">|<\/span><span class=\"fusion-comments\"><span>Commentaires ferm\u00e9s<span class=\"screen-reader-text\"> sur Vide-Grenier<\/span><\/span><\/span><\/p><p>Dimanche 7 Juin - de 15h \u00e0 21h - Place des d\u00e9port\u00e9s Organis\u00e9 par le Foyer des Jeunes - inscriptions exclusivement r\u00e9serv\u00e9es aux habitants de Villers-Allerand Montchenot Renseignements et inscriptions par mail : brocante.vam@gmail.com La [...]<\/p><\/div><\/article><article class=\"post fusion-column column col col-lg-4 col-md-4 col-sm-4\"><div class=\"fusion-flexslider flexslider flexslider-hover-type-none\"><ul class=\"slides\"><li><a href=\"https:\/\/www.villers-allerand.fr\/site\/report-de-collecte\/\" class=\"hover-type-none\" aria-label=\"Report de collecte\"><img loading=\"lazy\" decoding=\"async\" width=\"268\" height=\"244\" src=\"https:\/\/www.villers-allerand.fr\/site\/wp-content\/uploads\/2026\/04\/Capture-decran-2026-04-28-a-14.51.32.png\" class=\"attachment-recent-posts size-recent-posts\" alt=\"d\u00e9chets grand reims\" srcset=\"https:\/\/www.villers-allerand.fr\/site\/wp-content\/uploads\/2026\/04\/Capture-decran-2026-04-28-a-14.51.32-200x182.png 200w, https:\/\/www.villers-allerand.fr\/site\/wp-content\/uploads\/2026\/04\/Capture-decran-2026-04-28-a-14.51.32.png 268w\" sizes=\"auto, (max-width: 268px) 100vw, 268px\" \/><\/a><\/li><\/ul><\/div><div class=\"recent-posts-content\"><span class=\"vcard\" style=\"display: none;\"><span class=\"fn\"><a href=\"https:\/\/www.villers-allerand.fr\/site\/author\/webmaster\/\" title=\"Articles par webmaster\" rel=\"author\">webmaster<\/a><\/span><\/span><span class=\"updated\" style=\"display:none;\">2026-04-28T14:57:06+02:00<\/span><h4 class=\"entry-title\"><a href=\"https:\/\/www.villers-allerand.fr\/site\/report-de-collecte\/\">Report de collecte<\/a><\/h4><p class=\"meta\"><span class=\"vcard\" style=\"display: none;\"><span class=\"fn\"><a href=\"https:\/\/www.villers-allerand.fr\/site\/author\/webmaster\/\" title=\"Articles par webmaster\" rel=\"author\">webmaster<\/a><\/span><\/span><span class=\"updated\" style=\"display:none;\">2026-04-28T14:57:06+02:00<\/span><span>28 avril 2026<\/span><span class=\"fusion-inline-sep\">|<\/span><span class=\"fusion-comments\"><span>Commentaires ferm\u00e9s<span class=\"screen-reader-text\"> sur Report de collecte<\/span><\/span><\/span><\/p><p>Vendredi 1er mai, la collecte du tri des bacs jaunes ne sera pas assur\u00e9e. Elle est report\u00e9e au samedi 2 mai, aux m\u00eames horaires, Merci de sortir les bacs la veille au soir comme habituellement. [...]<\/p><\/div><\/article><article class=\"post fusion-column column col col-lg-4 col-md-4 col-sm-4\"><div class=\"fusion-flexslider flexslider flexslider-hover-type-none\"><ul class=\"slides\"><li><a href=\"https:\/\/www.villers-allerand.fr\/site\/le-nouveau-conseil-municipal-est-installe\/\" class=\"hover-type-none\" aria-label=\"Le nouveau Conseil Municipal est install\u00e9\"><img loading=\"lazy\" decoding=\"async\" width=\"696\" height=\"441\" src=\"https:\/\/www.villers-allerand.fr\/site\/wp-content\/uploads\/2025\/11\/Bandeau-Municipales2026-Dates.jpg-e1763543036867-696x441.webp\" class=\"attachment-recent-posts size-recent-posts\" alt=\"municipales\" srcset=\"https:\/\/www.villers-allerand.fr\/site\/wp-content\/uploads\/2025\/11\/Bandeau-Municipales2026-Dates.jpg-e1763543036867-320x202.webp 320w, https:\/\/www.villers-allerand.fr\/site\/wp-content\/uploads\/2025\/11\/Bandeau-Municipales2026-Dates.jpg-e1763543036867-696x441.webp 696w\" sizes=\"auto, (max-width: 696px) 100vw, 696px\" \/><\/a><\/li><\/ul><\/div><div class=\"recent-posts-content\"><span class=\"vcard\" style=\"display: none;\"><span class=\"fn\"><a href=\"https:\/\/www.villers-allerand.fr\/site\/author\/webmaster\/\" title=\"Articles par webmaster\" rel=\"author\">webmaster<\/a><\/span><\/span><span class=\"updated\" style=\"display:none;\">2026-04-28T14:17:30+02:00<\/span><h4 class=\"entry-title\"><a href=\"https:\/\/www.villers-allerand.fr\/site\/le-nouveau-conseil-municipal-est-installe\/\">Le nouveau Conseil Municipal est install\u00e9<\/a><\/h4><p class=\"meta\"><span class=\"vcard\" style=\"display: none;\"><span class=\"fn\"><a href=\"https:\/\/www.villers-allerand.fr\/site\/author\/webmaster\/\" title=\"Articles par webmaster\" rel=\"author\">webmaster<\/a><\/span><\/span><span class=\"updated\" style=\"display:none;\">2026-04-28T14:17:30+02:00<\/span><span>21 mars 2026<\/span><span class=\"fusion-inline-sep\">|<\/span><span class=\"fusion-comments\"><span>Commentaires ferm\u00e9s<span class=\"screen-reader-text\"> sur Le nouveau Conseil Municipal est install\u00e9<\/span><\/span><\/span><\/p><p>Ce vendredi 20 mars 2026 \u00e0 20h30, Monsieur Bernard Weiler Maire sortant a install\u00e9\u00a0 les 15 conseillers municipaux nouvellement \u00e9lus. Ont ensuite \u00e9t\u00e9 \u00e9lus : \u00c9ric Girardin, Maire Didier De Amorin, 1er adjoint Estelle Courteix, [...]<\/p><\/div><\/article><article class=\"post fusion-column column col col-lg-4 col-md-4 col-sm-4\"><div class=\"fusion-flexslider flexslider flexslider-hover-type-none\"><ul class=\"slides\"><li><a href=\"https:\/\/www.villers-allerand.fr\/site\/inscriptions-scolaires\/\" class=\"hover-type-none\" aria-label=\"Inscriptions scolaires\"><img loading=\"lazy\" decoding=\"async\" width=\"542\" height=\"441\" src=\"https:\/\/www.villers-allerand.fr\/site\/wp-content\/uploads\/2026\/03\/Capture-decran-2026-03-20-a-11.17.40-542x441.png\" class=\"attachment-recent-posts size-recent-posts\" alt=\"\" \/><\/a><\/li><\/ul><\/div><div class=\"recent-posts-content\"><span class=\"vcard\" style=\"display: none;\"><span class=\"fn\"><a href=\"https:\/\/www.villers-allerand.fr\/site\/author\/webmaster\/\" title=\"Articles par webmaster\" rel=\"author\">webmaster<\/a><\/span><\/span><span class=\"updated\" style=\"display:none;\">2026-03-20T11:19:02+01:00<\/span><h4 class=\"entry-title\"><a href=\"https:\/\/www.villers-allerand.fr\/site\/inscriptions-scolaires\/\">Inscriptions scolaires<\/a><\/h4><p class=\"meta\"><span class=\"vcard\" style=\"display: none;\"><span class=\"fn\"><a href=\"https:\/\/www.villers-allerand.fr\/site\/author\/webmaster\/\" title=\"Articles par webmaster\" rel=\"author\">webmaster<\/a><\/span><\/span><span class=\"updated\" style=\"display:none;\">2026-03-20T11:19:02+01:00<\/span><span>20 mars 2026<\/span><span class=\"fusion-inline-sep\">|<\/span><span class=\"fusion-comments\"><span>Commentaires ferm\u00e9s<span class=\"screen-reader-text\"> sur Inscriptions scolaires<\/span><\/span><\/span><\/p><p>Les inscriptions pour notre \u00e9cole maternelle Roger Garitan pour la prochaine rentr\u00e9e scolaire 2025-2026\u00a0 seront possibles \u00e0 partir du Lundi 23 Mars 2026, pour les enfants n\u00e9s en 2023. Remplissez la\u00a0 Fiche d'inscription scolaire 2026-27\u00a0et [...]<\/p><\/div><\/article><article class=\"post fusion-column column col col-lg-4 col-md-4 col-sm-4\"><div class=\"fusion-flexslider flexslider flexslider-hover-type-none\"><ul class=\"slides\"><li><a href=\"https:\/\/www.villers-allerand.fr\/site\/panneau-pocket\/\" class=\"hover-type-none\" aria-label=\"Panneau Pocket\"><img loading=\"lazy\" decoding=\"async\" width=\"578\" height=\"441\" src=\"https:\/\/www.villers-allerand.fr\/site\/wp-content\/uploads\/2024\/05\/A4-PanneauPocket-e1715779236558-578x441.png\" class=\"attachment-recent-posts size-recent-posts\" alt=\"\" \/><\/a><\/li><\/ul><\/div><div class=\"recent-posts-content\"><span class=\"vcard\" style=\"display: none;\"><span class=\"fn\"><a href=\"https:\/\/www.villers-allerand.fr\/site\/author\/webmaster\/\" title=\"Articles par webmaster\" rel=\"author\">webmaster<\/a><\/span><\/span><span class=\"updated\" style=\"display:none;\">2026-01-14T09:52:07+01:00<\/span><h4 class=\"entry-title\"><a href=\"https:\/\/www.villers-allerand.fr\/site\/panneau-pocket\/\">Panneau Pocket<\/a><\/h4><p class=\"meta\"><span class=\"vcard\" style=\"display: none;\"><span class=\"fn\"><a href=\"https:\/\/www.villers-allerand.fr\/site\/author\/webmaster\/\" title=\"Articles par webmaster\" rel=\"author\">webmaster<\/a><\/span><\/span><span class=\"updated\" style=\"display:none;\">2026-01-14T09:52:07+01:00<\/span><span>14 janvier 2026<\/span><span class=\"fusion-inline-sep\">|<\/span><span class=\"fusion-comments\"><span>Commentaires ferm\u00e9s<span class=\"screen-reader-text\"> sur Panneau Pocket<\/span><\/span><\/span><\/p><p>Consultez les informations communales sur votre smartphone en installez l'application Panneau Pocket ! Vous y retrouverez les derni\u00e8res actualit\u00e9s, mais aussi les horaires du secr\u00e9tariat de Mairie, l'organisation de la collecte des d\u00e9chets, le calendrier [...]<\/p><\/div><\/article><article class=\"post fusion-column column col col-lg-4 col-md-4 col-sm-4\"><div class=\"fusion-flexslider flexslider flexslider-hover-type-none\"><ul class=\"slides\"><li><a href=\"https:\/\/www.villers-allerand.fr\/site\/entretien-des-trottoirs\/\" class=\"hover-type-none\" aria-label=\"Entretien des trottoirs\"><img loading=\"lazy\" decoding=\"async\" width=\"640\" height=\"424\" src=\"https:\/\/www.villers-allerand.fr\/site\/wp-content\/uploads\/2022\/11\/weather-gff75bdfa2_640.jpg\" class=\"attachment-recent-posts size-recent-posts\" alt=\"\" srcset=\"https:\/\/www.villers-allerand.fr\/site\/wp-content\/uploads\/2022\/11\/weather-gff75bdfa2_640-200x133.jpg 200w, https:\/\/www.villers-allerand.fr\/site\/wp-content\/uploads\/2022\/11\/weather-gff75bdfa2_640-300x199.jpg 300w, https:\/\/www.villers-allerand.fr\/site\/wp-content\/uploads\/2022\/11\/weather-gff75bdfa2_640-400x265.jpg 400w, https:\/\/www.villers-allerand.fr\/site\/wp-content\/uploads\/2022\/11\/weather-gff75bdfa2_640-600x398.jpg 600w, https:\/\/www.villers-allerand.fr\/site\/wp-content\/uploads\/2022\/11\/weather-gff75bdfa2_640.jpg 640w\" sizes=\"auto, (max-width: 640px) 100vw, 640px\" \/><\/a><\/li><\/ul><\/div><div class=\"recent-posts-content\"><span class=\"vcard\" style=\"display: none;\"><span class=\"fn\"><a href=\"https:\/\/www.villers-allerand.fr\/site\/author\/webmaster\/\" title=\"Articles par webmaster\" rel=\"author\">webmaster<\/a><\/span><\/span><span class=\"updated\" style=\"display:none;\">2026-01-14T09:53:03+01:00<\/span><h4 class=\"entry-title\"><a href=\"https:\/\/www.villers-allerand.fr\/site\/entretien-des-trottoirs\/\">Entretien des trottoirs<\/a><\/h4><p class=\"meta\"><span class=\"vcard\" style=\"display: none;\"><span class=\"fn\"><a href=\"https:\/\/www.villers-allerand.fr\/site\/author\/webmaster\/\" title=\"Articles par webmaster\" rel=\"author\">webmaster<\/a><\/span><\/span><span class=\"updated\" style=\"display:none;\">2026-01-14T09:53:03+01:00<\/span><span>2 janvier 2026<\/span><span class=\"fusion-inline-sep\">|<\/span><span class=\"fusion-comments\"><span>Commentaires ferm\u00e9s<span class=\"screen-reader-text\"> sur Entretien des trottoirs<\/span><\/span><\/span><\/p><p>Parce qu'il est toujours bon de le rappeler, par arr\u00eat\u00e9 municipal, l'entretien des trottoirs est de la responsabilit\u00e9 de son repr\u00e9sentant, qu'il en soit propri\u00e9taire ou locataire, et ce en toute saison. Le non entretien [...]<\/p><\/div><\/article><\/section><\/div><div class=\"fusion-clearfix\"><\/div>\n\n\t\t\t\t\t<\/div>\n\t\t\t\t<\/div><\/div><\/div><div class=\"fusion-fullwidth fullwidth-box hundred-percent-fullwidth non-hundred-percent-height-scrolling\"  style='background-color: #dfdfdf;background-position: left top;background-repeat: no-repeat;padding-top:2%;padding-right:10%;padding-bottom:2%;padding-left:10%;border-top-width:0px;border-bottom-width:0px;border-color:#eae9e9;border-top-style:solid;border-bottom-style:solid;'><div class=\"fusion-builder-row fusion-row \"><div  class=\"fusion-layout-column fusion_builder_column fusion_builder_column_1_1 fusion-builder-column-18 fusion-one-full fusion-column-first fusion-column-last fusion-column-no-min-height 1_1\"  style='margin-top:0px;margin-bottom:0px;width:100%'>\n\t\t\t\t\t<div class=\"fusion-column-wrapper\" style=\"padding: 0px 0px 0px 0px;background-position:left top;background-repeat:no-repeat;-webkit-background-size:cover;-moz-background-size:cover;-o-background-size:cover;background-size:cover;\"   data-bg-url=\"\">\n\t\t\t\t\t\t<div class=\"fusion-title title fusion-title-10 fusion-sep-none fusion-title-size-two\" style=\"margin-top:0px;margin-bottom:30px;\"><h2 class=\"title-heading-left\" style=\"margin:0;\">R\u00e9trospectives 2015<\/h2><\/div><div class=\"fusion-clearfix\"><\/div>\n\n\t\t\t\t\t<\/div>\n\t\t\t\t<\/div><div  class=\"fusion-layout-column fusion_builder_column fusion_builder_column_1_1 fusion-builder-column-19 fusion-one-full fusion-column-first fusion-column-last 1_1\"  style='margin-top:0px;margin-bottom:0px;width:100%'>\n\t\t\t\t\t<div class=\"fusion-column-wrapper\" style=\"padding: 0px 0px 0px 0px;background-position:left top;background-repeat:no-repeat;-webkit-background-size:cover;-moz-background-size:cover;-o-background-size:cover;background-size:cover;\"   data-bg-url=\"\">\n\t\t\t\t\t\t<div class=\"fusion-recent-posts fusion-recent-posts-9 avada-container layout-default layout-columns-3\"><section class=\"fusion-columns columns fusion-columns-3 columns-3\"><article class=\"post fusion-column column col col-lg-4 col-md-4 col-sm-4\"><div class=\"fusion-flexslider flexslider flexslider-hover-type-none\"><ul class=\"slides\"><li><a href=\"https:\/\/www.villers-allerand.fr\/site\/attentat-charlie-hebdo\/\" class=\"hover-type-none\" aria-label=\"Attentat\"><img loading=\"lazy\" decoding=\"async\" width=\"653\" height=\"261\" src=\"https:\/\/www.villers-allerand.fr\/site\/wp-content\/uploads\/2016\/09\/je-suis-charlie-e1474280257154.jpg\" class=\"attachment-recent-posts size-recent-posts\" alt=\"\" srcset=\"https:\/\/www.villers-allerand.fr\/site\/wp-content\/uploads\/2016\/09\/je-suis-charlie-e1474280257154-200x80.jpg 200w, https:\/\/www.villers-allerand.fr\/site\/wp-content\/uploads\/2016\/09\/je-suis-charlie-e1474280257154-300x120.jpg 300w, https:\/\/www.villers-allerand.fr\/site\/wp-content\/uploads\/2016\/09\/je-suis-charlie-e1474280257154-400x160.jpg 400w, https:\/\/www.villers-allerand.fr\/site\/wp-content\/uploads\/2016\/09\/je-suis-charlie-e1474280257154-600x240.jpg 600w, https:\/\/www.villers-allerand.fr\/site\/wp-content\/uploads\/2016\/09\/je-suis-charlie-e1474280257154.jpg 653w\" sizes=\"auto, (max-width: 653px) 100vw, 653px\" \/><\/a><\/li><\/ul><\/div><div class=\"recent-posts-content\"><span class=\"vcard\" style=\"display: none;\"><span class=\"fn\"><a href=\"https:\/\/www.villers-allerand.fr\/site\/author\/admin\/\" title=\"Articles par admin\" rel=\"author\">admin<\/a><\/span><\/span><span class=\"updated\" style=\"display:none;\">2017-07-03T16:59:22+02:00<\/span><h4 class=\"entry-title\"><a href=\"https:\/\/www.villers-allerand.fr\/site\/attentat-charlie-hebdo\/\">Attentat<\/a><\/h4><p class=\"meta\"><span class=\"vcard\" style=\"display: none;\"><span class=\"fn\"><a href=\"https:\/\/www.villers-allerand.fr\/site\/author\/admin\/\" title=\"Articles par admin\" rel=\"author\">admin<\/a><\/span><\/span><span class=\"updated\" style=\"display:none;\">2017-07-03T16:59:22+02:00<\/span><span>19 septembre 2016<\/span><span class=\"fusion-inline-sep\">|<\/span><span class=\"fusion-comments\"><span>Commentaires ferm\u00e9s<span class=\"screen-reader-text\"> sur Attentat<\/span><\/span><\/span><\/p><p>Le conseil municipal de Villers-Allerand Montchenot s\u2019associe pleinement au communiqu\u00e9 de l\u2019association des maires de France qui suit. Attentat du si\u00e8ge de Charlie Hebdo : les \u00e9lus locaux de France expriment leur indignation et leur [...]<\/p><\/div><\/article><article class=\"post fusion-column column col col-lg-4 col-md-4 col-sm-4\"><div class=\"fusion-flexslider flexslider flexslider-hover-type-none\"><ul class=\"slides\"><li><a href=\"https:\/\/www.villers-allerand.fr\/site\/halloween\/\" class=\"hover-type-none\" aria-label=\"Halloween\"><img loading=\"lazy\" decoding=\"async\" width=\"700\" height=\"420\" src=\"https:\/\/www.villers-allerand.fr\/site\/wp-content\/uploads\/2016\/09\/halloween1-700x420.jpg\" class=\"attachment-recent-posts size-recent-posts\" alt=\"\" \/><\/a><\/li><\/ul><\/div><div class=\"recent-posts-content\"><span class=\"vcard\" style=\"display: none;\"><span class=\"fn\"><a href=\"https:\/\/www.villers-allerand.fr\/site\/author\/admin\/\" title=\"Articles par admin\" rel=\"author\">admin<\/a><\/span><\/span><span class=\"updated\" style=\"display:none;\">2017-07-03T16:59:22+02:00<\/span><h4 class=\"entry-title\"><a href=\"https:\/\/www.villers-allerand.fr\/site\/halloween\/\">Halloween<\/a><\/h4><p class=\"meta\"><span class=\"vcard\" style=\"display: none;\"><span class=\"fn\"><a href=\"https:\/\/www.villers-allerand.fr\/site\/author\/admin\/\" title=\"Articles par admin\" rel=\"author\">admin<\/a><\/span><\/span><span class=\"updated\" style=\"display:none;\">2017-07-03T16:59:22+02:00<\/span><span>19 septembre 2016<\/span><span class=\"fusion-inline-sep\">|<\/span><span class=\"fusion-comments\"><span>Commentaires ferm\u00e9s<span class=\"screen-reader-text\"> sur Halloween<\/span><\/span><\/span><\/p><p>Une tr\u00e8s belle r\u00e9ussite pour ce rassemblement de petits monstres. \u00a0 Pr\u00e8s de 50 personnes \u2013 enfants et adultes \u2013 se sont regroup\u00e9s sur la place de l\u2019\u00e9glise pour aller ensuite hanter les rues de [...]<\/p><\/div><\/article><\/section><\/div><div class=\"fusion-clearfix\"><\/div>\n\n\t\t\t\t\t<\/div>\n\t\t\t\t<\/div><\/div><\/div><div class=\"fusion-fullwidth fullwidth-box hundred-percent-fullwidth non-hundred-percent-height-scrolling\"  style='background-color: #dfdfdf;background-position: left top;background-repeat: no-repeat;padding-top:2%;padding-right:10%;padding-bottom:2%;padding-left:10%;border-top-width:0px;border-bottom-width:0px;border-color:#eae9e9;border-top-style:solid;border-bottom-style:solid;'><div class=\"fusion-builder-row fusion-row \"><div  class=\"fusion-layout-column fusion_builder_column fusion_builder_column_1_1 fusion-builder-column-20 fusion-one-full fusion-column-first fusion-column-last fusion-column-no-min-height 1_1\"  style='margin-top:0px;margin-bottom:0px;width:100%'>\n\t\t\t\t\t<div class=\"fusion-column-wrapper\" style=\"padding: 0px 0px 0px 0px;background-position:left top;background-repeat:no-repeat;-webkit-background-size:cover;-moz-background-size:cover;-o-background-size:cover;background-size:cover;\"   data-bg-url=\"\">\n\t\t\t\t\t\t<div class=\"fusion-title title fusion-title-11 fusion-sep-none fusion-title-size-two\" style=\"margin-top:0px;margin-bottom:30px;\"><h2 class=\"title-heading-left\" style=\"margin:0;\">R\u00e9trospectives 2014<\/h2><\/div><div class=\"fusion-clearfix\"><\/div>\n\n\t\t\t\t\t<\/div>\n\t\t\t\t<\/div><div  class=\"fusion-layout-column fusion_builder_column fusion_builder_column_1_1 fusion-builder-column-21 fusion-one-full fusion-column-first fusion-column-last 1_1\"  style='margin-top:0px;margin-bottom:0px;width:100%'>\n\t\t\t\t\t<div class=\"fusion-column-wrapper\" style=\"padding: 0px 0px 0px 0px;background-position:left top;background-repeat:no-repeat;-webkit-background-size:cover;-moz-background-size:cover;-o-background-size:cover;background-size:cover;\"   data-bg-url=\"\">\n\t\t\t\t\t\t<div class=\"fusion-recent-posts fusion-recent-posts-10 avada-container layout-default layout-columns-3\"><section class=\"fusion-columns columns fusion-columns-3 columns-3\"><article class=\"post fusion-column column col col-lg-4 col-md-4 col-sm-4\"><div class=\"fusion-flexslider flexslider flexslider-hover-type-none\"><ul class=\"slides\"><li><a href=\"https:\/\/www.villers-allerand.fr\/site\/ceremonie-8-mai-2014\/\" class=\"hover-type-none\" aria-label=\"C\u00e9r\u00e9monie du 8 mai 2014\"><img loading=\"lazy\" decoding=\"async\" width=\"700\" height=\"441\" src=\"https:\/\/www.villers-allerand.fr\/site\/wp-content\/uploads\/2016\/11\/DSC_0361-700x441.jpg\" class=\"attachment-recent-posts size-recent-posts\" alt=\"\" srcset=\"https:\/\/www.villers-allerand.fr\/site\/wp-content\/uploads\/2016\/11\/DSC_0361-320x202.jpg 320w, https:\/\/www.villers-allerand.fr\/site\/wp-content\/uploads\/2016\/11\/DSC_0361-700x441.jpg 700w\" sizes=\"auto, (max-width: 700px) 100vw, 700px\" \/><\/a><\/li><\/ul><\/div><div class=\"recent-posts-content\"><span class=\"vcard\" style=\"display: none;\"><span class=\"fn\"><a href=\"https:\/\/www.villers-allerand.fr\/site\/author\/admin\/\" title=\"Articles par admin\" rel=\"author\">admin<\/a><\/span><\/span><span class=\"updated\" style=\"display:none;\">2017-07-03T16:59:22+02:00<\/span><h4 class=\"entry-title\"><a href=\"https:\/\/www.villers-allerand.fr\/site\/ceremonie-8-mai-2014\/\">C\u00e9r\u00e9monie du 8 mai 2014<\/a><\/h4><p class=\"meta\"><span class=\"vcard\" style=\"display: none;\"><span class=\"fn\"><a href=\"https:\/\/www.villers-allerand.fr\/site\/author\/admin\/\" title=\"Articles par admin\" rel=\"author\">admin<\/a><\/span><\/span><span class=\"updated\" style=\"display:none;\">2017-07-03T16:59:22+02:00<\/span><span>18 novembre 2016<\/span><span class=\"fusion-inline-sep\">|<\/span><span class=\"fusion-comments\"><span>Commentaires ferm\u00e9s<span class=\"screen-reader-text\"> sur C\u00e9r\u00e9monie du 8 mai 2014<\/span><\/span><\/span><\/p><p>Un monument aux morts, pr\u00e9par\u00e9s et fleuris par les conseillers, accueillait de nombreuses personnes pour la traditionnelle minute de silence, la d\u00e9pose de gerbe ainsi que l\u2019indispensable appel aux morts. Il est tr\u00e8s r\u00e9confortant de [...]<\/p><\/div><\/article><article class=\"post fusion-column column col col-lg-4 col-md-4 col-sm-4\"><div class=\"fusion-flexslider flexslider flexslider-hover-type-none\"><ul class=\"slides\"><li><a href=\"https:\/\/www.villers-allerand.fr\/site\/tournoi-de-tennis-2014\/\" class=\"hover-type-none\" aria-label=\"Tournoi de tennis 2014\"><img loading=\"lazy\" decoding=\"async\" width=\"700\" height=\"441\" src=\"https:\/\/www.villers-allerand.fr\/site\/wp-content\/uploads\/2016\/09\/tournoi-tennis-2014-700x441.jpg\" class=\"attachment-recent-posts size-recent-posts\" alt=\"\" srcset=\"https:\/\/www.villers-allerand.fr\/site\/wp-content\/uploads\/2016\/09\/tournoi-tennis-2014-320x202.jpg 320w, https:\/\/www.villers-allerand.fr\/site\/wp-content\/uploads\/2016\/09\/tournoi-tennis-2014-700x441.jpg 700w\" sizes=\"auto, (max-width: 700px) 100vw, 700px\" \/><\/a><\/li><\/ul><\/div><div class=\"recent-posts-content\"><span class=\"vcard\" style=\"display: none;\"><span class=\"fn\"><a href=\"https:\/\/www.villers-allerand.fr\/site\/author\/admin\/\" title=\"Articles par admin\" rel=\"author\">admin<\/a><\/span><\/span><span class=\"updated\" style=\"display:none;\">2016-11-18T12:32:57+01:00<\/span><h4 class=\"entry-title\"><a href=\"https:\/\/www.villers-allerand.fr\/site\/tournoi-de-tennis-2014\/\">Tournoi de tennis 2014<\/a><\/h4><p class=\"meta\"><span class=\"vcard\" style=\"display: none;\"><span class=\"fn\"><a href=\"https:\/\/www.villers-allerand.fr\/site\/author\/admin\/\" title=\"Articles par admin\" rel=\"author\">admin<\/a><\/span><\/span><span class=\"updated\" style=\"display:none;\">2016-11-18T12:32:57+01:00<\/span><span>18 novembre 2016<\/span><span class=\"fusion-inline-sep\">|<\/span><span class=\"fusion-comments\"><span>Commentaires ferm\u00e9s<span class=\"screen-reader-text\"> sur Tournoi de tennis 2014<\/span><\/span><\/span><\/p><p>Le Tournoi Adultes du Tennis Club de Villers-Allerand s\u2019est d\u00e9roul\u00e9 du 8 au 11 mai. Malgr\u00e9 une m\u00e9t\u00e9o capricieuse, plus de 30 joueurs se sont affront\u00e9s sur les courts. Le public, nombreux cette ann\u00e9e, a [...]<\/p><\/div><\/article><article class=\"post fusion-column column col col-lg-4 col-md-4 col-sm-4\"><div class=\"fusion-flexslider flexslider flexslider-hover-type-none\"><ul class=\"slides\"><li><a href=\"https:\/\/www.villers-allerand.fr\/site\/fleurissement-2014\/\" class=\"hover-type-none\" aria-label=\"Fleurissement 2014\"><img loading=\"lazy\" decoding=\"async\" width=\"700\" height=\"441\" src=\"https:\/\/www.villers-allerand.fr\/site\/wp-content\/uploads\/2016\/09\/dsc00260-700x441.jpg\" class=\"attachment-recent-posts size-recent-posts\" alt=\"\" srcset=\"https:\/\/www.villers-allerand.fr\/site\/wp-content\/uploads\/2016\/09\/dsc00260-320x202.jpg 320w, https:\/\/www.villers-allerand.fr\/site\/wp-content\/uploads\/2016\/09\/dsc00260-700x441.jpg 700w\" sizes=\"auto, (max-width: 700px) 100vw, 700px\" \/><\/a><\/li><\/ul><\/div><div class=\"recent-posts-content\"><span class=\"vcard\" style=\"display: none;\"><span class=\"fn\"><a href=\"https:\/\/www.villers-allerand.fr\/site\/author\/admin\/\" title=\"Articles par admin\" rel=\"author\">admin<\/a><\/span><\/span><span class=\"updated\" style=\"display:none;\">2017-07-03T16:59:22+02:00<\/span><h4 class=\"entry-title\"><a href=\"https:\/\/www.villers-allerand.fr\/site\/fleurissement-2014\/\">Fleurissement 2014<\/a><\/h4><p class=\"meta\"><span class=\"vcard\" style=\"display: none;\"><span class=\"fn\"><a href=\"https:\/\/www.villers-allerand.fr\/site\/author\/admin\/\" title=\"Articles par admin\" rel=\"author\">admin<\/a><\/span><\/span><span class=\"updated\" style=\"display:none;\">2017-07-03T16:59:22+02:00<\/span><span>18 novembre 2016<\/span><span class=\"fusion-inline-sep\">|<\/span><span class=\"fusion-comments\"><span>Commentaires ferm\u00e9s<span class=\"screen-reader-text\"> sur Fleurissement 2014<\/span><\/span><\/span><\/p><p>C\u2019est effectivement sous un soleil superbe que 30 \u00e0 40 villageois b\u00e9n\u00e9voles se sont retrouv\u00e9s pour fleurir notre village \u2026 Une vraie r\u00e9ussite collective , pleine de bonne humeur et d\u2019une grande efficacit\u00e9 puisque l\u2019ensemble [...]<\/p><\/div><\/article><\/section><\/div><div class=\"fusion-clearfix\"><\/div>\n\n\t\t\t\t\t<\/div>\n\t\t\t\t<\/div><\/div><\/div><div class=\"fusion-fullwidth fullwidth-box hundred-percent-fullwidth non-hundred-percent-height-scrolling\"  style='background-color: #dfdfdf;background-position: left top;background-repeat: no-repeat;padding-top:2%;padding-right:10%;padding-bottom:2%;padding-left:10%;border-top-width:0px;border-bottom-width:0px;border-color:#eae9e9;border-top-style:solid;border-bottom-style:solid;'><div class=\"fusion-builder-row fusion-row \"><div  class=\"fusion-layout-column fusion_builder_column fusion_builder_column_1_1 fusion-builder-column-22 fusion-one-full fusion-column-first fusion-column-last fusion-column-no-min-height 1_1\"  style='margin-top:0px;margin-bottom:0px;width:100%'>\n\t\t\t\t\t<div class=\"fusion-column-wrapper\" style=\"padding: 0px 0px 0px 0px;background-position:left top;background-repeat:no-repeat;-webkit-background-size:cover;-moz-background-size:cover;-o-background-size:cover;background-size:cover;\"   data-bg-url=\"\">\n\t\t\t\t\t\t<div class=\"fusion-title title fusion-title-12 fusion-sep-none fusion-title-size-two\" style=\"margin-top:0px;margin-bottom:30px;\"><h2 class=\"title-heading-left\" style=\"margin:0;\">R\u00e9trospectives 2011<\/h2><\/div><div class=\"fusion-clearfix\"><\/div>\n\n\t\t\t\t\t<\/div>\n\t\t\t\t<\/div><div  class=\"fusion-layout-column fusion_builder_column fusion_builder_column_1_1 fusion-builder-column-23 fusion-one-full fusion-column-first fusion-column-last 1_1\"  style='margin-top:0px;margin-bottom:0px;width:100%'>\n\t\t\t\t\t<div class=\"fusion-column-wrapper\" style=\"padding: 0px 0px 0px 0px;background-position:left top;background-repeat:no-repeat;-webkit-background-size:cover;-moz-background-size:cover;-o-background-size:cover;background-size:cover;\"   data-bg-url=\"\">\n\t\t\t\t\t\t<div class=\"fusion-recent-posts fusion-recent-posts-11 avada-container layout-default layout-columns-3\"><section class=\"fusion-columns columns fusion-columns-3 columns-3\"><article class=\"post fusion-column column col col-lg-4 col-md-4 col-sm-4\"><div class=\"fusion-flexslider flexslider flexslider-hover-type-none\"><ul class=\"slides\"><li><a href=\"https:\/\/www.villers-allerand.fr\/site\/ravaouille-edition-2011\/\" class=\"hover-type-none\" aria-label=\"La Ravaouille \u2013 \u00c9dition 2011\"><img loading=\"lazy\" decoding=\"async\" width=\"700\" height=\"441\" src=\"https:\/\/www.villers-allerand.fr\/site\/wp-content\/uploads\/2016\/09\/dsc07549-700x441.jpg\" class=\"attachment-recent-posts size-recent-posts\" alt=\"\" srcset=\"https:\/\/www.villers-allerand.fr\/site\/wp-content\/uploads\/2016\/09\/dsc07549-320x202.jpg 320w, https:\/\/www.villers-allerand.fr\/site\/wp-content\/uploads\/2016\/09\/dsc07549-700x441.jpg 700w\" sizes=\"auto, (max-width: 700px) 100vw, 700px\" \/><\/a><\/li><\/ul><\/div><div class=\"recent-posts-content\"><span class=\"vcard\" style=\"display: none;\"><span class=\"fn\"><a href=\"https:\/\/www.villers-allerand.fr\/site\/author\/admin\/\" title=\"Articles par admin\" rel=\"author\">admin<\/a><\/span><\/span><span class=\"updated\" style=\"display:none;\">2016-11-18T11:37:50+01:00<\/span><h4 class=\"entry-title\"><a href=\"https:\/\/www.villers-allerand.fr\/site\/ravaouille-edition-2011\/\">La Ravaouille \u2013 \u00c9dition 2011<\/a><\/h4><p class=\"meta\"><span class=\"vcard\" style=\"display: none;\"><span class=\"fn\"><a href=\"https:\/\/www.villers-allerand.fr\/site\/author\/admin\/\" title=\"Articles par admin\" rel=\"author\">admin<\/a><\/span><\/span><span class=\"updated\" style=\"display:none;\">2016-11-18T11:37:50+01:00<\/span><span>18 novembre 2016<\/span><span class=\"fusion-inline-sep\">|<\/span><span class=\"fusion-comments\"><span>Commentaires ferm\u00e9s<span class=\"screen-reader-text\"> sur La Ravaouille \u2013 \u00c9dition 2011<\/span><\/span><\/span><\/p><p>Pour une belle journ\u00e9e, ce fut une belle journ\u00e9e\u2026 Certes, la temp\u00e9rature ext\u00e9rieure \u00e9tait redevenue saisonni\u00e8re et la p\u00e9riode de s\u00e9cheresse ajourn\u00e9e pendant quelques minutes le matin, mais au final\u2026 Quelle journ\u00e9e !!!! Alors de [...]<\/p><\/div><\/article><\/section><\/div><div class=\"fusion-clearfix\"><\/div>\n\n\t\t\t\t\t<\/div>\n\t\t\t\t<\/div><\/div><\/div><div class=\"fusion-fullwidth fullwidth-box hundred-percent-fullwidth non-hundred-percent-height-scrolling\"  style='background-color: #ffffff;background-position: center center;background-repeat: no-repeat;padding-top:0px;padding-right:20px;padding-bottom:0px;padding-left:20px;'><div class=\"fusion-builder-row fusion-row \"><div  class=\"fusion-layout-column fusion_builder_column fusion_builder_column_1_1 fusion-builder-column-24 fusion-one-full fusion-column-first fusion-column-last fusion-column-no-min-height 1_1\"  style='margin-top:0px;margin-bottom:0px;width:100%'>\n\t\t\t\t\t<div class=\"fusion-column-wrapper\" style=\"padding: 0px 0px 0px 0px;background-position:left top;background-repeat:no-repeat;-webkit-background-size:cover;-moz-background-size:cover;-o-background-size:cover;background-size:cover;\"   data-bg-url=\"\">\n\t\t\t\t\t\t<div class=\"fusion-modal modal fade modal-1 mentions\" tabindex=\"-1\" role=\"dialog\" aria-labelledby=\"modal-heading-1\" aria-hidden=\"true\"><style type=\"text\/css\">.modal-1 .modal-header, .modal-1 .modal-footer{border-color:#ebebeb;}<\/style><div class=\"modal-dialog modal-lg\"><div class=\"modal-content fusion-modal-content\" style=\"background-color:#f6f6f6\"><div class=\"modal-header\"><button class=\"close\" type=\"button\" data-dismiss=\"modal\" aria-hidden=\"true\">&times;<\/button><h3 class=\"modal-title\" id=\"modal-heading-1\" data-dismiss=\"modal\" aria-hidden=\"true\">Mentions L\u00e9gales<\/h3><\/div><div class=\"modal-body fusion-clearfix\">\n<h3><span style=\"color: #6d071a;\">Directeur de la Publication<br \/>\n<\/span><\/h3>\n<p>Mr&#8230;&#8230;<\/p>\n<h3><span style=\"color: #6d071a;\">\u00c9crire au webmestre<\/span><\/h3>\n<p>Il est possible de\u00a0transmettre des observations ou des suggestions au webmestre du site. Il s\u2019efforcera d\u2019en tenir compte. Il ne saurait pour autant r\u00e9pondre \u00e0 des demandes particuli\u00e8res ou d\u00e9passant le cadre strict de la gestion administrative ou technique du site.<\/p>\n<p>Si vous souhaitez contacter l&rsquo;administrateur de ce site, envoyez un mail a cette adresse:<br \/>\n<a href=\"mailto:contact@villers-allerand.fr\">contact@villers-allerand.fr<\/a><\/p>\n<h3><span style=\"color: #6d071a;\">Contenu<\/span><\/h3>\n<p>Aucun \u00e9l\u00e9ment de ce site ne peut \u00eatre reproduit, repr\u00e9sent\u00e9 ou adapt\u00e9 d&rsquo;aucune mani\u00e8re sans le consentement pr\u00e9alable \u00e9crit de la ville de Villers-Allerand.<\/p>\n<h3><span style=\"color: #6d071a;\">Erreurs<\/span><\/h3>\n<p>Malgr\u00e9 les soins et les contr\u00f4les de l&rsquo;\u00e9quipe de r\u00e9daction, des erreurs ou omissions involontaires peuvent subsister sur le site, veuillez nous en excuser.<br \/>\nVous pouvez nous faire part de vos remarques ou r\u00e9clamations directement par mail \u00e0 l&rsquo;adresse suivante: <a href=\"mailto:mairie@villers-allerand.fr\">mairie@villers-allerand.fr<\/a><\/p>\n<h3><span style=\"color: #6d071a;\">Propri\u00e9t\u00e9 intellectuelle<\/span><\/h3>\n<p>Les Contenus pr\u00e9sents sur le Site sont la propri\u00e9t\u00e9 de la Ville de Villers-Allerand. Ces Contenus \u00e9tant prot\u00e9g\u00e9s par le droit d\u2019auteur, toute reproduction est en principe conditionn\u00e9e \u00e0 l\u2019accord de la Ville de Villers-Allerand en vertu de l&rsquo;article L.122-4 du Code de la Propri\u00e9t\u00e9 Intellectuelle.<\/p>\n<h3><span style=\"color: #6d071a;\">Informatique et Libert\u00e9<\/span><\/h3>\n<p><a href=\"http:\/\/www.reims.fr\/\" target=\"_blank\" rel=\"noopener noreferrer\">www.villers-allerand.fr<\/a> a\u00a0 fait l\u2019objet d\u2019une d\u00e9claration aupr\u00e8s de la Commission Nationale de l&rsquo;Informatique et des Libert\u00e9s.( Num\u00e9ro de d\u00e9claration :). En cons\u00e9quence le site respecte totalement les r\u00e8gles \u00e9mises par la CNIL.<\/p>\n<p>Nos serveurs ne sont pas configur\u00e9s pour collecter des informations personnelles sur les visiteurs du site en dehors des donn\u00e9es techniques suivantes : provenance des connexions (fournisseur d&rsquo;acc\u00e8s), adresse IP, type et version du navigateur utilis\u00e9. Les donn\u00e9es de trafic ont uniquement pour finalit\u00e9 de nous permettre d\u2019analyser la fr\u00e9quentation de nos pages d&rsquo;information afin d&rsquo;en am\u00e9liorer le contenu.<\/p>\n<p>Les donn\u00e9es relatives \u00e0 la navigation des visiteurs ne sont pas exploit\u00e9es nominativement. Il s&rsquo;agit de statistiques agr\u00e9g\u00e9es permettant de conna\u00eetre les pages les plus et les moins populaires, les chemins pr\u00e9f\u00e9r\u00e9s, les niveaux d&rsquo;activit\u00e9 par jour de la semaine et par heure de la journ\u00e9e, les principales erreurs clients ou serveur.<\/p>\n<p>Les donn\u00e9es personnelles recueillies sur le site r\u00e9sultent de la communication volontaire d&rsquo;une adresse de courrier \u00e9lectronique lors du d\u00e9p\u00f4t d&rsquo;un message \u00e9lectronique. Les adresses e-mail ainsi recueillies ne servent qu\u2019\u00e0 transmettre les \u00e9l\u00e9ments d\u2019information demand\u00e9s. Les adresses \u00e9lectroniques collect\u00e9es ne feront l\u2019objet d\u2019aucune cession \u00e0 des tiers.<\/p>\n<p>Concernant le droit \u00e0 l\u2019image, vous pouvez en application de votre droit d&rsquo;opposition, nous communiquer votre requ\u00eate \u00e0 l\u2019adresse suivante <a href=\"mailto:contact@villers-allerand.fr\">contact@villers-allerand.fr<\/a><\/p>\n<div id=\"c21\" class=\"frame default\">\n<h3><span style=\"color: #6d071a;\">Mise en garde g\u00e9n\u00e9rale<\/span><\/h3>\n<p>Nos services mettent tout en \u0153uvre pour offrir aux visiteurs de ce site web des informations fiables et v\u00e9rifi\u00e9es. Cependant, malgr\u00e9 tous les soins apport\u00e9s, le site peut comporter des inexactitudes, des d\u00e9fauts de mise \u00e0 jour ou des erreurs.<\/p>\n<\/div>\n<\/div><\/div><\/div><\/div><div class=\"fusion-clearfix\"><\/div>\n\n\t\t\t\t\t<\/div>\n\t\t\t\t<\/div><\/div><\/div><\/p>\n","protected":false},"excerpt":{"rendered":"","protected":false},"author":1,"featured_media":0,"parent":0,"menu_order":0,"comment_status":"closed","ping_status":"closed","template":"100-width.php","meta":{"footnotes":""},"class_list":["post-11819","page","type-page","status-publish","hentry"],"yoast_head":"<!-- This site is optimized with the Yoast SEO plugin v26.8 - https:\/\/yoast.com\/product\/yoast-seo-wordpress\/ -->\n<title>R\u00e9trospectives - Mairie de Villers-Allerand - Montchenot<\/title>\n<meta name=\"robots\" content=\"index, follow, max-snippet:-1, max-image-preview:large, max-video-preview:-1\" \/>\n<link rel=\"canonical\" href=\"https:\/\/www.villers-allerand.fr\/site\/retrospectives-2\/\" \/>\n<meta property=\"og:locale\" content=\"fr_FR\" \/>\n<meta property=\"og:type\" content=\"article\" \/>\n<meta property=\"og:title\" content=\"R\u00e9trospectives - Mairie de Villers-Allerand - Montchenot\" \/>\n<meta property=\"og:url\" content=\"https:\/\/www.villers-allerand.fr\/site\/retrospectives-2\/\" \/>\n<meta property=\"og:site_name\" content=\"Mairie de Villers-Allerand - Montchenot\" \/>\n<meta property=\"article:modified_time\" content=\"2026-04-28T13:15:59+00:00\" \/>\n<meta name=\"twitter:card\" content=\"summary_large_image\" \/>\n<meta name=\"twitter:label1\" content=\"Dur\u00e9e de lecture estim\u00e9e\" \/>\n\t<meta name=\"twitter:data1\" content=\"14 minutes\" \/>\n<script type=\"application\/ld+json\" class=\"yoast-schema-graph\">{\"@context\":\"https:\/\/schema.org\",\"@graph\":[{\"@type\":\"WebPage\",\"@id\":\"https:\/\/www.villers-allerand.fr\/site\/retrospectives-2\/\",\"url\":\"https:\/\/www.villers-allerand.fr\/site\/retrospectives-2\/\",\"name\":\"R\u00e9trospectives - Mairie de Villers-Allerand - Montchenot\",\"isPartOf\":{\"@id\":\"https:\/\/www.villers-allerand.fr\/site\/#website\"},\"datePublished\":\"2016-09-15T15:57:07+00:00\",\"dateModified\":\"2026-04-28T13:15:59+00:00\",\"breadcrumb\":{\"@id\":\"https:\/\/www.villers-allerand.fr\/site\/retrospectives-2\/#breadcrumb\"},\"inLanguage\":\"fr-FR\",\"potentialAction\":[{\"@type\":\"ReadAction\",\"target\":[\"https:\/\/www.villers-allerand.fr\/site\/retrospectives-2\/\"]}]},{\"@type\":\"BreadcrumbList\",\"@id\":\"https:\/\/www.villers-allerand.fr\/site\/retrospectives-2\/#breadcrumb\",\"itemListElement\":[{\"@type\":\"ListItem\",\"position\":1,\"name\":\"Accueil\",\"item\":\"https:\/\/www.villers-allerand.fr\/site\/\"},{\"@type\":\"ListItem\",\"position\":2,\"name\":\"R\u00e9trospectives\"}]},{\"@type\":\"WebSite\",\"@id\":\"https:\/\/www.villers-allerand.fr\/site\/#website\",\"url\":\"https:\/\/www.villers-allerand.fr\/site\/\",\"name\":\"Mairie de Villers-Allerand - Montchenot\",\"description\":\"Site Officiel de la Mairie\",\"potentialAction\":[{\"@type\":\"SearchAction\",\"target\":{\"@type\":\"EntryPoint\",\"urlTemplate\":\"https:\/\/www.villers-allerand.fr\/site\/?s={search_term_string}\"},\"query-input\":{\"@type\":\"PropertyValueSpecification\",\"valueRequired\":true,\"valueName\":\"search_term_string\"}}],\"inLanguage\":\"fr-FR\"}]}<\/script>\n<!-- \/ Yoast SEO plugin. -->","yoast_head_json":{"title":"R\u00e9trospectives - Mairie de Villers-Allerand - Montchenot","robots":{"index":"index","follow":"follow","max-snippet":"max-snippet:-1","max-image-preview":"max-image-preview:large","max-video-preview":"max-video-preview:-1"},"canonical":"https:\/\/www.villers-allerand.fr\/site\/retrospectives-2\/","og_locale":"fr_FR","og_type":"article","og_title":"R\u00e9trospectives - Mairie de Villers-Allerand - Montchenot","og_url":"https:\/\/www.villers-allerand.fr\/site\/retrospectives-2\/","og_site_name":"Mairie de Villers-Allerand - Montchenot","article_modified_time":"2026-04-28T13:15:59+00:00","twitter_card":"summary_large_image","twitter_misc":{"Dur\u00e9e de lecture estim\u00e9e":"14 minutes"},"schema":{"@context":"https:\/\/schema.org","@graph":[{"@type":"WebPage","@id":"https:\/\/www.villers-allerand.fr\/site\/retrospectives-2\/","url":"https:\/\/www.villers-allerand.fr\/site\/retrospectives-2\/","name":"R\u00e9trospectives - Mairie de Villers-Allerand - Montchenot","isPartOf":{"@id":"https:\/\/www.villers-allerand.fr\/site\/#website"},"datePublished":"2016-09-15T15:57:07+00:00","dateModified":"2026-04-28T13:15:59+00:00","breadcrumb":{"@id":"https:\/\/www.villers-allerand.fr\/site\/retrospectives-2\/#breadcrumb"},"inLanguage":"fr-FR","potentialAction":[{"@type":"ReadAction","target":["https:\/\/www.villers-allerand.fr\/site\/retrospectives-2\/"]}]},{"@type":"BreadcrumbList","@id":"https:\/\/www.villers-allerand.fr\/site\/retrospectives-2\/#breadcrumb","itemListElement":[{"@type":"ListItem","position":1,"name":"Accueil","item":"https:\/\/www.villers-allerand.fr\/site\/"},{"@type":"ListItem","position":2,"name":"R\u00e9trospectives"}]},{"@type":"WebSite","@id":"https:\/\/www.villers-allerand.fr\/site\/#website","url":"https:\/\/www.villers-allerand.fr\/site\/","name":"Mairie de Villers-Allerand - Montchenot","description":"Site Officiel de la Mairie","potentialAction":[{"@type":"SearchAction","target":{"@type":"EntryPoint","urlTemplate":"https:\/\/www.villers-allerand.fr\/site\/?s={search_term_string}"},"query-input":{"@type":"PropertyValueSpecification","valueRequired":true,"valueName":"search_term_string"}}],"inLanguage":"fr-FR"}]}},"publishpress_future_action":{"enabled":false,"date":"2026-05-09 14:02:49","action":"change-status","newStatus":"draft","terms":[],"taxonomy":"","extraData":[]},"publishpress_future_workflow_manual_trigger":{"enabledWorkflows":[]},"_links":{"self":[{"href":"https:\/\/www.villers-allerand.fr\/site\/wp-json\/wp\/v2\/pages\/11819","targetHints":{"allow":["GET"]}}],"collection":[{"href":"https:\/\/www.villers-allerand.fr\/site\/wp-json\/wp\/v2\/pages"}],"about":[{"href":"https:\/\/www.villers-allerand.fr\/site\/wp-json\/wp\/v2\/types\/page"}],"author":[{"embeddable":true,"href":"https:\/\/www.villers-allerand.fr\/site\/wp-json\/wp\/v2\/users\/1"}],"replies":[{"embeddable":true,"href":"https:\/\/www.villers-allerand.fr\/site\/wp-json\/wp\/v2\/comments?post=11819"}],"version-history":[{"count":78,"href":"https:\/\/www.villers-allerand.fr\/site\/wp-json\/wp\/v2\/pages\/11819\/revisions"}],"predecessor-version":[{"id":17012,"href":"https:\/\/www.villers-allerand.fr\/site\/wp-json\/wp\/v2\/pages\/11819\/revisions\/17012"}],"wp:attachment":[{"href":"https:\/\/www.villers-allerand.fr\/site\/wp-json\/wp\/v2\/media?parent=11819"}],"curies":[{"name":"wp","href":"https:\/\/api.w.org\/{rel}","templated":true}]}}